{"id":1050,"date":"2023-08-29T17:48:33","date_gmt":"2023-08-29T15:48:33","guid":{"rendered":"http:\/\/www.pc73.net\/wpfacplus\/?page_id=1050"},"modified":"2023-09-25T12:08:07","modified_gmt":"2023-09-25T10:08:07","slug":"se-financer","status":"publish","type":"page","link":"http:\/\/www.pc73.net\/wpfacplus\/se-financer\/","title":{"rendered":"Se financer"},"content":{"rendered":"\n<div class=\"wp-block-cover is-light ticss-f400667e\"><span aria-hidden=\"true\" class=\"wp-block-cover__background has-background-dim\"><\/span><img loading=\"lazy\" decoding=\"async\" width=\"863\" height=\"411\" class=\"wp-block-cover__image-background wp-image-1471\" alt=\"\" src=\"http:\/\/www.pc73.net\/wpfacplus\/wp-content\/uploads\/2023\/09\/droitformation-min.png\" style=\"object-position:43% 26%\" data-object-fit=\"cover\" data-object-position=\"43% 26%\" srcset=\"http:\/\/www.pc73.net\/wpfacplus\/wp-content\/uploads\/2023\/09\/droitformation-min.png 863w, http:\/\/www.pc73.net\/wpfacplus\/wp-content\/uploads\/2023\/09\/droitformation-min-300x143.png 300w, http:\/\/www.pc73.net\/wpfacplus\/wp-content\/uploads\/2023\/09\/droitformation-min-768x366.png 768w\" sizes=\"auto, (max-width: 863px) 100vw, 863px\" \/><div class=\"wp-block-cover__inner-container is-layout-constrained wp-block-cover-is-layout-constrained\">\n<p class=\"has-text-align-center has-large-font-size\"><\/p>\n<\/div><\/div>\n\n\n\n<div style=\"height:50px\" aria-hidden=\"true\" class=\"wp-block-spacer\"><\/div>\n\n\n\n<h2 class=\"wp-block-heading has-text-align-center has-neve-link-color-color has-text-color\">Financer sa formation ?<\/h2>\n\n\n\n<div id=\"wp-block-themeisle-blocks-advanced-columns-5ea1965d\" class=\"wp-block-themeisle-blocks-advanced-columns has-1-columns has-desktop-equal-layout has-tablet-equal-layout has-mobile-equal-layout has-vertical-unset\"><div class=\"wp-block-themeisle-blocks-advanced-columns-overlay\"><\/div><div class=\"innerblocks-wrap\">\n<div id=\"wp-block-themeisle-blocks-advanced-column-ce6d444b\" class=\"wp-block-themeisle-blocks-advanced-column ticss-fff998b1\">\n<h3 class=\"wp-block-heading\">La prise en charge des formations professionnelles :<\/h3>\n\n\n\n<p>Il existe de nombreux moyens qui permettent de financer sa formation professionnelle. FAC+ vous accompagne dans votre d\u00e9marche. Informations sur les diff\u00e9rentes possibilit\u00e9s\u2026:<\/p>\n\n\n\n<h3 class=\"wp-block-heading\">Les demandeurs d&#8217;emploi :<\/h3>\n\n\n\n<p>Vous \u00eates demandeur d&#8217;emploi et vous avez besoin d&rsquo;une formation. Il existe diff\u00e9rents dispositifs pour effectuer une formation dans notre centre. Selon la formation choisie et en fonction de votre statut, une aide financi\u00e8re peut vous \u00eatre accord\u00e9e.\u200b<\/p>\n\n\n\n<p>Dans le cadre du conseil en \u00e9volution professionnelle, votre conseiller vous aidera \u00e0 identifier et mobiliser les fonds disponibles pour la r\u00e9alisation de votre projet.\u200b<\/p>\n\n\n\n<p>Vous pouvez aussi et sous certaines conditions, mobiliser votre compte personnel de formation. Plus d&rsquo;information sur le site&nbsp;<a href=\"https:\/\/www.moncompteformation.gouv.fr\" target=\"_blank\" rel=\"noreferrer noopener\">https:\/\/www.moncompteformation.gouv.fr<\/a><\/p>\n\n\n\n<h3 class=\"wp-block-heading\">La r\u00e9mun\u00e9ration pendant la formation :<\/h3>\n\n\n\n<ul class=\"wp-block-list\">\n<li>Si l&rsquo;action de formation que vous souhaitez suivre est valid\u00e9e par un conseiller P\u00f4le emploi et en coh\u00e9rence avec votre projet personnalis\u00e9 d&rsquo;acc\u00e8s \u00e0 l&#8217;emploi.&nbsp;<strong><mark style=\"background-color:rgba(0, 0, 0, 0)\" class=\"has-inline-color has-neve-link-color-color\">Vous pouvez percevoir l&rsquo;allocation d&rsquo;aide au retour \u00e0 l&#8217;emploi formation (AREF) dans la limite de vos droits \u00e0 l&rsquo;indemnisation.<\/mark><\/strong><\/li>\n\n\n\n<li>Si la formation se poursuit au-del\u00e0 de la dur\u00e9e de vos droits \u00e0 l&rsquo;allocation d&rsquo;aide au retour \u00e0 l&#8217;emploi,&nbsp;<mark style=\"background-color:rgba(0, 0, 0, 0)\" class=\"has-inline-color has-neve-link-color-color\"><strong>vous pouvez terminer votre formation avec un statut de stagiaire de la formation professionnelle non r\u00e9mun\u00e9r\u00e9e,<\/strong><\/mark> ou \u00e9ventuellement, si vous r\u00e9pondez aux crit\u00e8res d&rsquo;ouverture de droits,&nbsp;<strong><mark style=\"background-color:rgba(0, 0, 0, 0)\" class=\"has-inline-color has-neve-link-color-color\">percevoir la r\u00e9mun\u00e9ration de fin de formation (RFF) ou \u00e0 d\u00e9faut l&rsquo;allocation sp\u00e9cifique de solidarit\u00e9.<\/mark><\/strong><\/li>\n<\/ul>\n\n\n\n<p><a href=\"https:\/\/www.pole-emploi.fr\/accueil\/\" target=\"_blank\" rel=\"noreferrer noopener\"><em>Source : p\u00f4le emploi.fr<\/em><\/a><\/p>\n\n\n\n<p><strong><em>Cas n\u00b02 :&nbsp;<\/em><\/strong><em>vous \u00eates indemnis\u00e9 au titre de l&rsquo;allocation d&rsquo;Aide au Retour \u00e0 l&rsquo;Emploi (ARE) par P\u00f4le emploi ou par votre ex employeur du secteur public :<\/em><\/p>\n\n\n\n<ul class=\"wp-block-list\">\n<li>&nbsp;La r\u00e9mun\u00e9ration de formation P\u00f4le emploi (RFPE)&nbsp;<strong><mark style=\"background-color:rgba(0, 0, 0, 0)\" class=\"has-inline-color has-nv-c-2-color\">si l\u2019action de formation est conventionn\u00e9e par P\u00f4le emploi<\/mark><\/strong>&nbsp;(renseignez-vous aupr\u00e8s de votre conseiller) et si elle s\u2019inscrit dans votre projet personnalis\u00e9 d\u2019acc\u00e8s \u00e0 l\u2019emploi.&nbsp;<\/li>\n\n\n\n<li>Si vous \u00eates en ASS (allocation sp\u00e9cifique solidarit\u00e9) \u00e0 la veille de votre entr\u00e9e en formation : le versement de l\u2019ASS \u00e9tant subsidiaire au versement de toute autre indemnisation ou r\u00e9mun\u00e9ration de formation, il ne sera donc&nbsp;<strong><mark style=\"background-color:rgba(0, 0, 0, 0)\" class=\"has-inline-color has-nv-c-2-color\">pas cumulable avec le versement de la RFPE que vous percevrez pendant la formation.<\/mark><\/strong><br>L\u2019ASS sera donc suspendu pendant cette p\u00e9riode de perception de la RFPE. Le conseiller P\u00f4le emploi analysera votre dossier afin de v\u00e9rifier si vous r\u00e9pondez aux conditions d\u2019attribution.<\/li>\n\n\n\n<li><strong><mark style=\"background-color:rgba(0, 0, 0, 0)\" class=\"has-inline-color has-nv-c-2-color\">La r\u00e9mun\u00e9ration publique de stage si celui-ci est agr\u00e9\u00e9 par l\u2019Etat ou le Conseil r\u00e9gional<\/mark><\/strong>. C\u2019est l\u2019organisme de formation qui est charg\u00e9 de constituer votre dossier de r\u00e9mun\u00e9ration.&nbsp;<\/li>\n<\/ul>\n\n\n\n<p><a href=\"https:\/\/www.pole-emploi.fr\/accueil\/\" target=\"_blank\" rel=\"noreferrer noopener\"><em>Source : p\u00f4le emploi.fr<\/em><\/a><\/p>\n\n\n\n<h3 class=\"wp-block-heading\">Les salari\u00e9s en CDI ou CDD :<\/h3>\n\n\n\n<p>Le projet de transition professionnelle remplace l\u2019ancien cong\u00e9 individuel de formation (CIF) depuis le 1er janvier 2019.\u200b<\/p>\n\n\n\n<p>Le projet de transition professionnelle est une modalit\u00e9 particuli\u00e8re de mobilisation du compte personnel de formation, permettant aux salari\u00e9s souhaitant changer de m\u00e9tier ou de profession de financer des formations certifiantes en lien avec leur projet.\u200b<\/p>\n\n\n\n<p>Vous pouvez financer votre projet de formation en utilisant votre droit \u00e0 la formation en utilisant votre compte&nbsp;<strong><mark style=\"background-color:rgba(0, 0, 0, 0)\" class=\"has-inline-color has-neve-link-color-color\">CPF&nbsp; (Compte personnel de formation et DIF (Droit individuel \u00e0 la formation).\u200b<\/mark><\/strong><\/p>\n\n\n\n<p><a href=\"http:\/\/www.pc73.net\/wpfacplus\/mes-droits\/\" data-type=\"page\" data-id=\"1051\">Voir rubrique mes droits \u00e0 la formation\u200b<\/a><\/p>\n\n\n\n<h3 class=\"wp-block-heading\">Les int\u00e9rimaires :<\/h3>\n\n\n\n<p>Renseignez-vous aupr\u00e8s du Fonds d&rsquo;Assurance Formation du Travail Temporaire (FAF.TT).\u200b<\/p>\n\n\n\n<p>Il permet aux entreprises de travail temporaire et \u00e0 leurs salari\u00e9s d&rsquo;accro\u00eetre leur performance et donc leur ad\u00e9quation avec les besoins du march\u00e9 via des dispositifs de formation.<\/p>\n\n\n\n<h3 class=\"wp-block-heading\">Les agents publics :<\/h3>\n\n\n\n<h5 class=\"wp-block-heading\">Depuis le&nbsp;1er janvier 2017, les agents publics acqui\u00e8rent et peuvent utiliser leurs droits acquis au titre du Compte Personnel de formation.<\/h5>\n\n\n\n<h3 class=\"wp-block-heading\">Alimentation des droits CPF\u200b<\/h3>\n\n\n\n<p>Le Compte Personnel de Formation (<a rel=\"noreferrer noopener\" href=\"https:\/\/www.moncompteactivite.gouv.fr\/\" target=\"_blank\">CPF<\/a>) des agents publics, titulaires et agents contractuels, est comptabilis\u00e9 en heures. Il regroupe :\u200b<\/p>\n\n\n\n<ul class=\"wp-block-list\">\n<li>Les heures CPF acquises depuis le 1er janvier 2017 : le compteur CPF de vos agents publics (titulaires et contractuels) est automatiquement cr\u00e9dit\u00e9 chaque ann\u00e9e via votre d\u00e9claration DADS, sans que vous n\u2019ayez \u00e0 initier de d\u00e9marche compl\u00e9mentaire.\u200b<\/li>\n\n\n\n<li>Les heures&nbsp;<a href=\"https:\/\/www.moncompteactivite.gouv.fr\/cpa-public\/glossaire\/D#dif\" target=\"_blank\" rel=\"noreferrer noopener\">DIF<\/a>&nbsp;acquises au 31 d\u00e9cembre 2016 : pour les agents titulaires, les donn\u00e9es du RAFP ont permis de r\u00e9cup\u00e9rer ces droits DIF et pour les agents contractuels, vous pouviez d\u00e9clarer en tant qu\u2019employeur public ces droits sur le portail E-Services de la Caisse des D\u00e9p\u00f4ts jusqu\u2019au 15 octobre 2018.<\/li>\n<\/ul>\n\n\n\n<p>Ces heures DIF ont \u00e9t\u00e9 automatiquement converties en heures CPF et sont visibles sur le compte de vos agents depuis mi-novembre 2018. (<em>Source moncompteactivite.gouv.fr<\/em>)<\/p>\n\n\n\n<h3 class=\"wp-block-heading\">Les travailleurs non salari\u00e9s :<\/h3>\n\n\n\n<p>Les travailleurs non salari\u00e9s (artisans, commer\u00e7ants, professions lib\u00e9rales, g\u00e9rants de soci\u00e9t\u00e9s, etc.) ont aussi le droit \u00e0 des formations financ\u00e9es. Pour en b\u00e9n\u00e9ficier, ils doivent s\u2019adresser :\u200b<\/p>\n\n\n\n<ul class=\"wp-block-list\">\n<li>\u00e0 <strong><mark style=\"background-color:rgba(0, 0, 0, 0)\" class=\"has-inline-color has-neve-link-color-color\">l\u2019AGEFICE<\/mark><\/strong> pour les chefs d\u2019entreprise des secteurs du commerce, de l\u2019industrie et des services ;<\/li>\n\n\n\n<li>au <mark style=\"background-color:rgba(0, 0, 0, 0)\" class=\"has-inline-color has-neve-link-color-color\"><strong>FIF-PL<\/strong><\/mark> pour les professions lib\u00e9rales ;<\/li>\n\n\n\n<li>au Fonds d\u2019assurance formation de la profession m\u00e9dicale pour les m\u00e9decins ;<\/li>\n\n\n\n<li>au <strong><mark style=\"background-color:rgba(0, 0, 0, 0)\" class=\"has-inline-color has-neve-link-color-color\">VIVEA<\/mark><\/strong> (exploitants agricoles, entreprises de travaux forestiers\u2026) ;<\/li>\n\n\n\n<li>\u00e0 la Chambre de m\u00e9tiers et de l\u2019artisanat pour le secteur artisanal ;<\/li>\n\n\n\n<li>au Fonds d\u2019assurance formation des chefs d\u2019entreprises artisanales (FAFCEA) (12-14 rue Beffroy \u2013 92200 Neuilly-sur-Seine \u2013 T\u00e9l. 01 41 43 15 30 \u2013 Mail :&nbsp;<a href=\"mailto:accueil@fafcea.com\">accueil@fafcea.com<\/a>).<\/li>\n<\/ul>\n\n\n\n<p>\u200b\u00c0 noter : lorsque les artisans, commer\u00e7ants et professionnels lib\u00e9raux se forment, leur entreprise b\u00e9n\u00e9ficie d\u2019un avantage fiscal : le cr\u00e9dit d\u2019imp\u00f4t au titre des d\u00e9penses de formation engag\u00e9es au profit du\/des dirigeants.<\/p>\n<\/div>\n<\/div><\/div>\n\n\n\n<div style=\"height:50px\" aria-hidden=\"true\" class=\"wp-block-spacer\"><\/div>\n\n\n\n<div class=\"wp-block-group alignfull has-background-color ticss-b6d689f7 has-neve-link-color-background-color has-background has-link-color has-medium-font-size wp-elements-144723183ce5420a6c5303a66ea4297c\" style=\"min-height:40vh;margin-top:0;margin-bottom:0;padding-top:var(--wp--preset--spacing--60);padding-right:var(--wp--preset--spacing--40);padding-bottom:var(--wp--preset--spacing--60);padding-left:var(--wp--preset--spacing--40)\"><div class=\"wp-block-group__inner-container is-layout-constrained wp-container-core-group-is-layout-27c39f3e wp-block-group-is-layout-constrained\">\n<div class=\"wp-block-columns alignwide has-small-font-size is-layout-flex wp-container-core-columns-is-layout-9d6595d7 wp-block-columns-is-layout-flex\">\n<div class=\"wp-block-column ticss-37c2d156 is-layout-flow wp-block-column-is-layout-flow\">\n<p class=\"has-text-align-center has-medium-font-size\">1969 route royale<\/p>\n\n\n\n<p class=\"has-text-align-center has-nv-site-bg-color has-text-color has-large-font-size\">FACPLUS<\/p>\n\n\n\n<p class=\"has-text-align-center has-medium-font-size\">73190 Challes les eaux<\/p>\n\n\n\n<p class=\"has-text-align-center has-nv-site-bg-color has-text-color has-medium-font-size\">Ouverture au public<\/p>\n\n\n\n<p class=\"has-text-align-center has-medium-font-size\">Lundi au vendredi : 9:00 &#8211; 12:00 et 14:00 &#8211; 18:00<\/p>\n\n\n\n<p class=\"has-text-align-center has-medium-font-size\">Lundi matin, vendredi am, samedi matin sur RDV<\/p>\n<\/div>\n\n\n\n<div class=\"wp-block-column ticss-ef63ceff is-layout-flow wp-block-column-is-layout-flow\"><nav class=\"has-text-color has-nv-site-bg-color has-medium-font-size items-justified-center is-vertical wp-block-navigation is-content-justification-center is-layout-flex wp-container-core-navigation-is-layout-9a7cdcfd wp-block-navigation-is-layout-flex\" aria-label=\"web-agency-gb-main-menu\"><ul class=\"wp-block-navigation__container has-text-color has-nv-site-bg-color has-medium-font-size items-justified-center is-vertical wp-block-navigation has-medium-font-size\"><li class=\"has-medium-font-size wp-block-navigation-item menu-item menu-item-type-post_type menu-item-object-page menu-item-home ticss-a9e52769 wp-block-navigation-link\"><a class=\"wp-block-navigation-item__content\"  href=\"http:\/\/www.pc73.net\/wpfacplus\/\" title=\"\"><span class=\"wp-block-navigation-item__label\">Accueil<\/span><\/a><\/li><li class=\"has-medium-font-size wp-block-navigation-item menu-item menu-item-type-post_type wp-block-navigation-link\"><a class=\"wp-block-navigation-item__content\"  href=\"http:\/\/www.pc73.net\/wpfacplus\/historique\/\" title=\"\"><span class=\"wp-block-navigation-item__label\">A propos de nous<\/span><\/a><\/li><li class=\"has-medium-font-size wp-block-navigation-item wp-block-navigation-link\"><a class=\"wp-block-navigation-item__content\"  href=\"https:\/\/goo.gl\/maps\/g7nTJkBkCCo\" target=\"_blank\"   title=\"\"><span class=\"wp-block-navigation-item__label\">Nous situer<\/span><span class=\"wp-block-navigation-item__description\">Situation g\u00e9ographique FACPLUS<\/span><\/a><\/li><li class=\"has-medium-font-size wp-block-navigation-item  menu-item menu-item-type-post_type menu-item-object-page wp-block-navigation-link\"><a class=\"wp-block-navigation-item__content\"  href=\"http:\/\/www.pc73.net\/wpfacplus\/contact\/\" title=\"\"><span class=\"wp-block-navigation-item__label\">Contactez nous<\/span><\/a><\/li><li class=\"wp-block-navigation-item\"><div class=\"is-default-size is-style-default wp-block-site-logo\"><a href=\"http:\/\/www.pc73.net\/wpfacplus\/\" class=\"custom-logo-link\" rel=\"home\"><img loading=\"lazy\" decoding=\"async\" width=\"367\" height=\"376\" src=\"http:\/\/www.pc73.net\/wpfacplus\/wp-content\/uploads\/2023\/09\/logo-fac1-min.png\" class=\"custom-logo\" alt=\"FacPlus\" srcset=\"http:\/\/www.pc73.net\/wpfacplus\/wp-content\/uploads\/2023\/09\/logo-fac1-min.png 367w, http:\/\/www.pc73.net\/wpfacplus\/wp-content\/uploads\/2023\/09\/logo-fac1-min-293x300.png 293w\" sizes=\"auto, (max-width: 367px) 100vw, 367px\" \/><\/a><\/div><\/li><\/ul><\/nav><\/div>\n\n\n\n<div class=\"wp-block-column is-layout-flow wp-block-column-is-layout-flow\">\n<p class=\"has-text-align-center has-medium-font-size\">Suivez-nous<\/p>\n\n\n\n<div class=\"wp-block-group is-vertical is-content-justification-center is-layout-flex wp-container-core-group-is-layout-bdd043ae wp-block-group-is-layout-flex\">\n<p class=\"has-medium-font-size\"><a href=\"https:\/\/www.facebook.com\/FACPLUS.FR\/\" target=\"_blank\" rel=\"noreferrer noopener\">Facebook<\/a><\/p>\n\n\n\n<p class=\"has-medium-font-size\"><a href=\"https:\/\/www.linkedin.com\/in\/fac-plus\/\" target=\"_blank\" rel=\"noreferrer noopener\">Linkedin<\/a><\/p>\n\n\n\n<p><\/p>\n<\/div>\n\n\n\n<div style=\"height:24px\" aria-hidden=\"true\" class=\"wp-block-spacer\"><\/div>\n<\/div>\n<\/div>\n\n\n\n<div class=\"wp-block-group alignwide is-content-justification-center is-layout-flex wp-container-core-group-is-layout-5590e8cb wp-block-group-is-layout-flex\">\n<p class=\"has-text-align-center has-small-font-size\"> D\u00e9velopp\u00e9 par <mark style=\"background-color:rgba(0, 0, 0, 0)\" class=\"has-inline-color has-nv-site-bg-color\">FACPLUS<\/mark><\/p>\n<\/div>\n<\/div><\/div>\n","protected":false},"excerpt":{"rendered":"<p>Financer sa formation ? 1969 route royale FACPLUS 73190 Challes les eaux Ouverture au public Lundi au vendredi : 9:00 &#8211; 12:00 et 14:00 &#8211; 18:00 Lundi matin, vendredi am, samedi matin sur RDV Suivez-nous Facebook Linkedin D\u00e9velopp\u00e9 par FACPLUS<\/p>\n","protected":false},"author":2,"featured_media":0,"parent":0,"menu_order":0,"comment_status":"closed","ping_status":"closed","template":"","meta":{"neve_meta_sidebar":"","neve_meta_container":"full-width","neve_meta_enable_content_width":"","neve_meta_content_width":0,"neve_meta_title_alignment":"","neve_meta_author_avatar":"","neve_post_elements_order":"","neve_meta_disable_header":"","neve_meta_disable_footer":"on","neve_meta_disable_title":"on","neve_meta_reading_time":"","_themeisle_gutenberg_block_has_review":false,"_ti_tpc_template_sync":false,"_ti_tpc_template_id":"","footnotes":""},"class_list":["post-1050","page","type-page","status-publish","hentry"],"_links":{"self":[{"href":"http:\/\/www.pc73.net\/wpfacplus\/wp-json\/wp\/v2\/pages\/1050","targetHints":{"allow":["GET"]}}],"collection":[{"href":"http:\/\/www.pc73.net\/wpfacplus\/wp-json\/wp\/v2\/pages"}],"about":[{"href":"http:\/\/www.pc73.net\/wpfacplus\/wp-json\/wp\/v2\/types\/page"}],"author":[{"embeddable":true,"href":"http:\/\/www.pc73.net\/wpfacplus\/wp-json\/wp\/v2\/users\/2"}],"replies":[{"embeddable":true,"href":"http:\/\/www.pc73.net\/wpfacplus\/wp-json\/wp\/v2\/comments?post=1050"}],"version-history":[{"count":22,"href":"http:\/\/www.pc73.net\/wpfacplus\/wp-json\/wp\/v2\/pages\/1050\/revisions"}],"predecessor-version":[{"id":1959,"href":"http:\/\/www.pc73.net\/wpfacplus\/wp-json\/wp\/v2\/pages\/1050\/revisions\/1959"}],"wp:attachment":[{"href":"http:\/\/www.pc73.net\/wpfacplus\/wp-json\/wp\/v2\/media?parent=1050"}],"curies":[{"name":"wp","href":"https:\/\/api.w.org\/{rel}","templated":true}]}}