{"id":1053,"date":"2023-08-29T17:48:33","date_gmt":"2023-08-29T15:48:33","guid":{"rendered":"http:\/\/www.pc73.net\/wpfacplus\/?page_id=1053"},"modified":"2023-09-25T11:27:06","modified_gmt":"2023-09-25T09:27:06","slug":"la-reforme","status":"publish","type":"page","link":"http:\/\/www.pc73.net\/wpfacplus\/la-reforme\/","title":{"rendered":"La r\u00e9forme"},"content":{"rendered":"\n<div class=\"wp-block-cover is-light ticss-befae845\"><span aria-hidden=\"true\" class=\"wp-block-cover__background has-background-dim\"><\/span><img loading=\"lazy\" decoding=\"async\" width=\"863\" height=\"411\" class=\"wp-block-cover__image-background wp-image-1390\" alt=\"\" src=\"http:\/\/www.pc73.net\/wpfacplus\/wp-content\/uploads\/2023\/09\/reforme-min.jpg\" data-object-fit=\"cover\" srcset=\"http:\/\/www.pc73.net\/wpfacplus\/wp-content\/uploads\/2023\/09\/reforme-min.jpg 863w, http:\/\/www.pc73.net\/wpfacplus\/wp-content\/uploads\/2023\/09\/reforme-min-300x143.jpg 300w, http:\/\/www.pc73.net\/wpfacplus\/wp-content\/uploads\/2023\/09\/reforme-min-768x366.jpg 768w\" sizes=\"auto, (max-width: 863px) 100vw, 863px\" \/><div class=\"wp-block-cover__inner-container is-layout-constrained wp-block-cover-is-layout-constrained\">\n<p class=\"has-text-align-center has-large-font-size\"><\/p>\n<\/div><\/div>\n\n\n\n<div style=\"height:50px\" aria-hidden=\"true\" class=\"wp-block-spacer\"><\/div>\n\n\n\n<h2 class=\"wp-block-heading has-text-align-center has-neve-link-color-color has-text-color\">Formation : ce qui change en janvier 2019<\/h2>\n\n\n\n<div class=\"wp-block-columns is-layout-flex wp-container-core-columns-is-layout-9d6595d7 wp-block-columns-is-layout-flex\">\n<div class=\"wp-block-column is-layout-flow wp-block-column-is-layout-flow\" style=\"flex-basis:100%\">\n<div id=\"wp-block-themeisle-blocks-advanced-columns-9b780ce3\" class=\"wp-block-themeisle-blocks-advanced-columns has-1-columns has-desktop-equal-layout has-tablet-equal-layout has-mobile-equal-layout has-vertical-unset\"><div class=\"wp-block-themeisle-blocks-advanced-columns-overlay\"><\/div><div class=\"innerblocks-wrap\">\n<div id=\"wp-block-themeisle-blocks-advanced-column-bbf3c214\" class=\"wp-block-themeisle-blocks-advanced-column ticss-53a04bc4\">\n<p>D\u00e9couvrez ce qui change pour la formation professionnelle d\u00e8s janvier 2019. Compte personnel de formation (<strong><mark style=\"background-color:rgba(0, 0, 0, 0)\" class=\"has-inline-color has-neve-link-color-color\">CPF<\/mark><\/strong>) en euros, fin du cong\u00e9 individuel de formation (<strong><mark style=\"background-color:rgba(0, 0, 0, 0)\" class=\"has-inline-color has-neve-link-color-color\">CIF<\/mark><\/strong>)\u2026<\/p>\n\n\n\n<h3 class=\"wp-block-heading\">Le compte personnel de formation (<mark style=\"background-color:rgba(0, 0, 0, 0)\" class=\"has-inline-color has-neve-link-color-color\"><strong>CPF<\/strong><\/mark>) cr\u00e9dit\u00e9 en euros<\/h3>\n\n\n\n<p>Les heures inscrites sur votre compte personnel de formation (<strong><mark style=\"background-color:rgba(0, 0, 0, 0)\" class=\"has-inline-color has-neve-link-color-color\">CPF<\/mark><\/strong>) ainsi que les heures acquises au titre du droit individuel \u00e0 la formation (<strong><mark style=\"background-color:rgba(0, 0, 0, 0)\" class=\"has-inline-color has-neve-link-color-color\">DIF<\/mark><\/strong>) au 31 d\u00e9cembre 2018 sont converties en euros \u00e0 raison de&nbsp;15 euros par heure. Ce taux de conversion a \u00e9t\u00e9 publi\u00e9 au Journal officiel dans le cadre de la r\u00e9forme de la formation professionnelle continue.\u200b<\/p>\n\n\n\n<p>Ainsi, \u00e0 partir du 1er&nbsp;janvier 2019 votre&nbsp;<strong><mark style=\"background-color:rgba(0, 0, 0, 0)\" class=\"has-inline-color has-neve-link-color-color\">CPF<\/mark><\/strong>&nbsp;est comptabilis\u00e9 en euros&nbsp;et non plus en heures, comme c\u2019\u00e9tait le cas pr\u00e9c\u00e9demment.&nbsp;500 euros par an pour un salari\u00e9 \u00e0 temps plein, avec un&nbsp;<strong><mark style=\"background-color:rgba(0, 0, 0, 0)\" class=\"has-inline-color has-neve-link-color-color\">plafond de 5 000 euros<\/mark><\/strong>.&nbsp;Pour les salari\u00e9s non qualifi\u00e9s&nbsp;(n\u2019ayant pas un niveau V de qualification\/CAP),&nbsp;ce sera un peu plus&nbsp;: 800 euros par an avec un&nbsp;<strong><mark style=\"background-color:rgba(0, 0, 0, 0)\" class=\"has-inline-color has-neve-link-color-color\">plafond total de 8&nbsp;000 euros.<\/mark><\/strong>&nbsp;<\/p>\n\n\n\n<p>Le&nbsp;<strong><mark style=\"background-color:rgba(0, 0, 0, 0)\" class=\"has-inline-color has-neve-link-color-color\">CPF<\/mark><\/strong>, principal dispositif permettant d\u2019acc\u00e9der \u00e0 une formation, pour les salari\u00e9s comme pour les demandeurs d\u2019emploi, sera g\u00e9r\u00e9 par la Caisse des d\u00e9p\u00f4ts qui lancera au second semestre 2019&nbsp;l\u2019application&nbsp;<strong><mark style=\"background-color:rgba(0, 0, 0, 0)\" class=\"has-inline-color has-neve-link-color-color\">CPF<\/mark><\/strong>&nbsp;permettant de choisir puis de noter une offre de formation.<\/p>\n\n\n\n<p>Si cela n&rsquo;est pas d\u00e9j\u00e0 fait, vous pouvez consulter votre compte pour conna\u00eetre et utiliser vos droits \u00e0 la formation<\/p>\n\n\n\n<p><a rel=\"noreferrer noopener\" href=\"https:\/\/www.moncompteformation.gouv.fr\" target=\"_blank\">https:\/\/www.moncompteformation.gouv.fr<\/a><\/p>\n\n\n\n<h3 class=\"wp-block-heading\"><strong><mark style=\"background-color:rgba(0, 0, 0, 0)\" class=\"has-inline-color has-nv-c-2-color\">Bon \u00e0 savoir<\/mark><\/strong><\/h3>\n\n\n\n<p>Les droits acquis au titre du&nbsp;<strong>DIF<\/strong>&nbsp;jusqu\u2019au 31 d\u00e9cembre 2014 (dispositif remplac\u00e9 par le&nbsp;<strong>CPF<\/strong>&nbsp;en janvier 2015) restent utilisables jusqu\u2019au 1er janvier 2021. S\u2019il vous reste des heures, pensez \u00e0 les utiliser avant cette date sinon elles seront perdues&nbsp;!\u200b<\/p>\n\n\n\n<p>A titre d\u2019exemple, si vous \u00eates salari\u00e9 et n\u2019avez jamais mobilis\u00e9 vos heures&nbsp;<strong>DIF<\/strong>, au 1er&nbsp;janvier 2019 les 120 heures dont vous disposez peuvent \u00eatre converties, soit 1 800 euros.<\/p>\n\n\n\n<h3 class=\"wp-block-heading\"><strong><mark style=\"background-color:rgba(0, 0, 0, 0)\" class=\"has-inline-color has-nv-c-2-color\">575 000<\/mark><\/strong>&nbsp;personnes utilisent leur <mark style=\"background-color:rgba(0, 0, 0, 0)\" class=\"has-inline-color has-neve-link-color-color\">CPF<\/mark> chaque ann\u00e9e&nbsp;sur un total de 33 millions d\u2019actifs.\u200b<\/h3>\n\n\n\n<p>D\u2019apr\u00e8s le Cnefop, \u00ab&nbsp;le choix du montant de 15 euros correspond \u00e0 la moyenne des co\u00fbts horaires de formation constat\u00e9s, \u00e0 hauteur de 10 euros pour les demandeurs d\u2019emploi et de 23 euros pour les salari\u00e9s en 2018.&nbsp;\u00bb Sachez enfin que&nbsp;vous recevez chaque premier semestre d\u2019une ann\u00e9e ce que vous avez cotis\u00e9 l\u2019ann\u00e9e pr\u00e9c\u00e9dente. Le montant CPF de janvier 2019 correspondra donc \u00e0 l\u2019ann\u00e9e 2018.<\/p>\n<\/div>\n<\/div><\/div>\n<\/div>\n<\/div>\n\n\n\n<div class=\"wp-block-cover is-light ticss-ef0305d9\"><span aria-hidden=\"true\" class=\"wp-block-cover__background has-background-dim\"><\/span><img loading=\"lazy\" decoding=\"async\" width=\"863\" height=\"411\" class=\"wp-block-cover__image-background wp-image-1403\" alt=\"\" src=\"http:\/\/www.pc73.net\/wpfacplus\/wp-content\/uploads\/2023\/09\/economiser-min.jpg\" data-object-fit=\"cover\" srcset=\"http:\/\/www.pc73.net\/wpfacplus\/wp-content\/uploads\/2023\/09\/economiser-min.jpg 863w, http:\/\/www.pc73.net\/wpfacplus\/wp-content\/uploads\/2023\/09\/economiser-min-300x143.jpg 300w, http:\/\/www.pc73.net\/wpfacplus\/wp-content\/uploads\/2023\/09\/economiser-min-768x366.jpg 768w\" sizes=\"auto, (max-width: 863px) 100vw, 863px\" \/><div class=\"wp-block-cover__inner-container is-layout-constrained wp-block-cover-is-layout-constrained\">\n<p class=\"has-text-align-center has-large-font-size\"><\/p>\n<\/div><\/div>\n\n\n\n<div style=\"height:50px\" aria-hidden=\"true\" class=\"wp-block-spacer\"><\/div>\n\n\n\n<h2 class=\"wp-block-heading has-text-align-center\"><mark style=\"background-color:rgba(0, 0, 0, 0)\" class=\"has-inline-color has-neve-link-color-color\">Que financer gr\u00e2ce au CPF ?<\/mark><\/h2>\n\n\n\n<div id=\"wp-block-themeisle-blocks-advanced-columns-6ea6d9e9\" class=\"wp-block-themeisle-blocks-advanced-columns has-1-columns has-desktop-equal-layout has-tablet-equal-layout has-mobile-equal-layout has-vertical-unset\"><div class=\"wp-block-themeisle-blocks-advanced-columns-overlay\"><\/div><div class=\"innerblocks-wrap\">\n<div id=\"wp-block-themeisle-blocks-advanced-column-c936114d\" class=\"wp-block-themeisle-blocks-advanced-column ticss-c936114d\">\n<h3 class=\"wp-block-heading\">Le cong\u00e9 individuel de formation remplac\u00e9 par le&nbsp;CPF&nbsp;de transition<\/h3>\n\n\n\n<p>Le cong\u00e9 individuel de formation (<strong><mark style=\"background-color:rgba(0, 0, 0, 0)\" class=\"has-inline-color has-nv-c-2-color\">CIF<\/mark><\/strong>) prend fin le 1er&nbsp;janvier&nbsp;2019. Il est remplac\u00e9 par le CPF de transition qui permet \u00e0 \u00ab tout salari\u00e9 de mobiliser les droits inscrits sur son CPF afin que celui-ci contribue au financement d\u2019une action de formation certifiante, destin\u00e9e \u00e0 lui permettre de&nbsp;<strong><mark style=\"background-color:rgba(0, 0, 0, 0)\" class=\"has-inline-color has-neve-link-color-color\">changer de m\u00e9tier<\/mark><\/strong>&nbsp;ou de profession dans le cadre d\u2019un projet de transition professionnelle \u00bb. Ce nouveau dispositif permettra donc toujours aux salari\u00e9s de se former pour acqu\u00e9rir une qualification sup\u00e9rieure ou de&nbsp;<strong><mark style=\"background-color:rgba(0, 0, 0, 0)\" class=\"has-inline-color has-neve-link-color-color\">se reconvertir.<\/mark><\/strong><\/p>\n\n\n\n<p><br>L\u2019utilisation du&nbsp;<strong><mark style=\"background-color:rgba(0, 0, 0, 0)\" class=\"has-inline-color has-nv-c-2-color\">CPF<\/mark><\/strong>&nbsp;de transition professionnelle implique que le salari\u00e9 mobilise ses \u00ab droits inscrits sur son CPF \u00bb. Si vous ne disposez pas suffisamment de cr\u00e9dit sur votre CPF, le CPF de transition professionnelle prend le relai afin de vous permettre de r\u00e9aliser votre projet de reconversion en obtenant&nbsp;<strong><mark style=\"background-color:rgba(0, 0, 0, 0)\" class=\"has-inline-color has-neve-link-color-color\">un financement compl\u00e9mentaire par le Fongecif.\u200b<\/mark><\/strong><\/p>\n\n\n\n<p>D\u2019apr\u00e8s le directeur juridique de Centre Info, \u00ab&nbsp;l\u2019offre de formation sera similaire \u00e0 celle du CPF mais proposera moins de choix que le CIF, avec lequel on pouvait quasiment tout faire, m\u00eame si les Fongecif pouvaient avoir, au final, le dernier mot.&nbsp;\u00bb<\/p>\n\n\n\n<h3 class=\"wp-block-heading\">Des sessions d&rsquo;information sur le conseil en \u00e9volution professionnelle (CEP)<\/h3>\n\n\n\n<p>En 2019, les op\u00e9rateurs du CEP devront organiser des sessions d\u2019informations afin de faire conna\u00eetre, d\u00e8s le premier entretien avec un salari\u00e9 ou un demandeur d\u2019emploi,&nbsp;les modalit\u00e9s d\u2019acc\u00e8s et le contenu&nbsp;de ce dispositif gratuit.\u200b<\/p>\n\n\n\n<p>Utilis\u00e9 majoritairement par des demandeurs d\u2019emploi (\u00e0 90%), le conseil en \u00e9volution professionnelle (CEP) \u00e9volue en 2019. P\u00f4le emploi, les missions locales, l\u2019Apec et les Cap emploi continueront \u00e0 conseiller les demandeurs d\u2019emploi. Les&nbsp;<mark style=\"background-color:rgba(0, 0, 0, 0)\" class=\"has-inline-color has-neve-link-color-color\"><strong>Fongecif<\/strong>&nbsp;<\/mark>et les&nbsp;<strong><mark style=\"background-color:rgba(0, 0, 0, 0)\" class=\"has-inline-color has-neve-link-color-color\">Opacif<\/mark><\/strong>&nbsp;proposeront leurs prestations aux salari\u00e9s jusqu\u2019\u00e0 ce que France Comp\u00e9tences, \u00e9tablissement public, &nbsp;d\u00e9signe de nouveaux op\u00e9rateurs, au plus tard le 31&nbsp;d\u00e9cembre&nbsp;2019.<\/p>\n\n\n\n<h3 class=\"wp-block-heading\"><strong><mark style=\"background-color:rgba(0, 0, 0, 0)\" class=\"has-inline-color has-neve-link-color-color\">Bon \u00e0 savoir<\/mark><\/strong><\/h3>\n\n\n\n<p>Selon la loi, \u201cl\u2019op\u00e9rateur du conseil en \u00e9volution professionnelle&nbsp;accompagne la personne dans la formalisation et la mise en \u0153uvre de ses projets d\u2019\u00e9volution professionnelle, en lien avec les besoins \u00e9conomiques et sociaux existants et pr\u00e9visibles dans les territoires. Il facilite l\u2019acc\u00e8s \u00e0 la formation, en identifiant les&nbsp;comp\u00e9tences&nbsp;de la personne, les qualifications et les formations r\u00e9pondant aux besoins qu\u2019elle exprime ainsi que les financements disponibles.\u201d<a href=\"https:\/\/www.facplus.fr\/nous-contacter\"><\/a><\/p>\n<\/div>\n<\/div><\/div>\n\n\n\n<div style=\"height:50px\" aria-hidden=\"true\" class=\"wp-block-spacer\"><\/div>\n\n\n\n<div class=\"wp-block-group alignfull has-background-color ticss-b6d689f7 has-neve-link-color-background-color has-background has-link-color has-medium-font-size wp-elements-144723183ce5420a6c5303a66ea4297c\" style=\"min-height:40vh;margin-top:0;margin-bottom:0;padding-top:var(--wp--preset--spacing--60);padding-right:var(--wp--preset--spacing--40);padding-bottom:var(--wp--preset--spacing--60);padding-left:var(--wp--preset--spacing--40)\"><div class=\"wp-block-group__inner-container is-layout-constrained wp-container-core-group-is-layout-27c39f3e wp-block-group-is-layout-constrained\">\n<div class=\"wp-block-columns alignwide has-small-font-size is-layout-flex wp-container-core-columns-is-layout-9d6595d7 wp-block-columns-is-layout-flex\">\n<div class=\"wp-block-column ticss-37c2d156 is-layout-flow wp-block-column-is-layout-flow\">\n<p class=\"has-text-align-center has-medium-font-size\">1969 route royale<\/p>\n\n\n\n<p class=\"has-text-align-center has-nv-site-bg-color has-text-color has-large-font-size\">FACPLUS<\/p>\n\n\n\n<p class=\"has-text-align-center has-medium-font-size\">73190 Challes les eaux<\/p>\n\n\n\n<p class=\"has-text-align-center has-nv-site-bg-color has-text-color has-medium-font-size\">Ouverture au public<\/p>\n\n\n\n<p class=\"has-text-align-center has-medium-font-size\">Lundi au vendredi : 9:00 &#8211; 12:00 et 14:00 &#8211; 18:00<\/p>\n\n\n\n<p class=\"has-text-align-center has-medium-font-size\">Lundi matin, vendredi am, samedi matin sur RDV<\/p>\n<\/div>\n\n\n\n<div class=\"wp-block-column ticss-ef63ceff is-layout-flow wp-block-column-is-layout-flow\"><nav class=\"has-text-color has-nv-site-bg-color has-medium-font-size items-justified-center is-vertical wp-block-navigation is-content-justification-center is-layout-flex wp-container-core-navigation-is-layout-9a7cdcfd wp-block-navigation-is-layout-flex\" aria-label=\"web-agency-gb-main-menu\"><ul class=\"wp-block-navigation__container has-text-color has-nv-site-bg-color has-medium-font-size items-justified-center is-vertical wp-block-navigation has-medium-font-size\"><li class=\"has-medium-font-size wp-block-navigation-item menu-item menu-item-type-post_type menu-item-object-page menu-item-home ticss-a9e52769 wp-block-navigation-link\"><a class=\"wp-block-navigation-item__content\"  href=\"http:\/\/www.pc73.net\/wpfacplus\/\" title=\"\"><span class=\"wp-block-navigation-item__label\">Accueil<\/span><\/a><\/li><li class=\"has-medium-font-size wp-block-navigation-item menu-item menu-item-type-post_type wp-block-navigation-link\"><a class=\"wp-block-navigation-item__content\"  href=\"http:\/\/www.pc73.net\/wpfacplus\/historique\/\" title=\"\"><span class=\"wp-block-navigation-item__label\">A propos de nous<\/span><\/a><\/li><li class=\"has-medium-font-size wp-block-navigation-item wp-block-navigation-link\"><a class=\"wp-block-navigation-item__content\"  href=\"https:\/\/goo.gl\/maps\/g7nTJkBkCCo\" target=\"_blank\"   title=\"\"><span class=\"wp-block-navigation-item__label\">Nous situer<\/span><span class=\"wp-block-navigation-item__description\">Situation g\u00e9ographique FACPLUS<\/span><\/a><\/li><li class=\"has-medium-font-size wp-block-navigation-item  menu-item menu-item-type-post_type menu-item-object-page wp-block-navigation-link\"><a class=\"wp-block-navigation-item__content\"  href=\"http:\/\/www.pc73.net\/wpfacplus\/contact\/\" title=\"\"><span class=\"wp-block-navigation-item__label\">Contactez nous<\/span><\/a><\/li><li class=\"wp-block-navigation-item\"><div class=\"is-default-size is-style-default wp-block-site-logo\"><a href=\"http:\/\/www.pc73.net\/wpfacplus\/\" class=\"custom-logo-link\" rel=\"home\"><img loading=\"lazy\" decoding=\"async\" width=\"367\" height=\"376\" src=\"http:\/\/www.pc73.net\/wpfacplus\/wp-content\/uploads\/2023\/09\/logo-fac1-min.png\" class=\"custom-logo\" alt=\"FacPlus\" srcset=\"http:\/\/www.pc73.net\/wpfacplus\/wp-content\/uploads\/2023\/09\/logo-fac1-min.png 367w, http:\/\/www.pc73.net\/wpfacplus\/wp-content\/uploads\/2023\/09\/logo-fac1-min-293x300.png 293w\" sizes=\"auto, (max-width: 367px) 100vw, 367px\" \/><\/a><\/div><\/li><\/ul><\/nav><\/div>\n\n\n\n<div class=\"wp-block-column is-layout-flow wp-block-column-is-layout-flow\">\n<p class=\"has-text-align-center has-medium-font-size\">Suivez-nous<\/p>\n\n\n\n<div class=\"wp-block-group is-vertical is-content-justification-center is-layout-flex wp-container-core-group-is-layout-bdd043ae wp-block-group-is-layout-flex\">\n<p class=\"has-medium-font-size\"><a href=\"https:\/\/www.facebook.com\/FACPLUS.FR\/\" target=\"_blank\" rel=\"noreferrer noopener\">Facebook<\/a><\/p>\n\n\n\n<p class=\"has-medium-font-size\"><a href=\"https:\/\/www.linkedin.com\/in\/fac-plus\/\" target=\"_blank\" rel=\"noreferrer noopener\">Linkedin<\/a><\/p>\n\n\n\n<p><\/p>\n<\/div>\n\n\n\n<div style=\"height:24px\" aria-hidden=\"true\" class=\"wp-block-spacer\"><\/div>\n<\/div>\n<\/div>\n\n\n\n<div class=\"wp-block-group alignwide is-content-justification-center is-layout-flex wp-container-core-group-is-layout-5590e8cb wp-block-group-is-layout-flex\">\n<p class=\"has-text-align-center has-small-font-size\"> D\u00e9velopp\u00e9 par <mark style=\"background-color:rgba(0, 0, 0, 0)\" class=\"has-inline-color has-nv-site-bg-color\">FACPLUS<\/mark><\/p>\n<\/div>\n<\/div><\/div>\n","protected":false},"excerpt":{"rendered":"<p>Formation : ce qui change en janvier 2019 Que financer gr\u00e2ce au CPF ? 1969 route royale FACPLUS 73190 Challes les eaux Ouverture au public Lundi au vendredi : 9:00 &#8211; 12:00 et 14:00 &#8211; 18:00 Lundi matin, vendredi am, samedi matin sur RDV Suivez-nous Facebook Linkedin D\u00e9velopp\u00e9 par FACPLUS<\/p>\n","protected":false},"author":2,"featured_media":0,"parent":0,"menu_order":0,"comment_status":"closed","ping_status":"closed","template":"","meta":{"neve_meta_sidebar":"","neve_meta_container":"full-width","neve_meta_enable_content_width":"","neve_meta_content_width":0,"neve_meta_title_alignment":"","neve_meta_author_avatar":"","neve_post_elements_order":"","neve_meta_disable_header":"","neve_meta_disable_footer":"on","neve_meta_disable_title":"on","neve_meta_reading_time":"","_themeisle_gutenberg_block_has_review":false,"_ti_tpc_template_sync":false,"_ti_tpc_template_id":"","footnotes":""},"class_list":["post-1053","page","type-page","status-publish","hentry"],"_links":{"self":[{"href":"http:\/\/www.pc73.net\/wpfacplus\/wp-json\/wp\/v2\/pages\/1053","targetHints":{"allow":["GET"]}}],"collection":[{"href":"http:\/\/www.pc73.net\/wpfacplus\/wp-json\/wp\/v2\/pages"}],"about":[{"href":"http:\/\/www.pc73.net\/wpfacplus\/wp-json\/wp\/v2\/types\/page"}],"author":[{"embeddable":true,"href":"http:\/\/www.pc73.net\/wpfacplus\/wp-json\/wp\/v2\/users\/2"}],"replies":[{"embeddable":true,"href":"http:\/\/www.pc73.net\/wpfacplus\/wp-json\/wp\/v2\/comments?post=1053"}],"version-history":[{"count":43,"href":"http:\/\/www.pc73.net\/wpfacplus\/wp-json\/wp\/v2\/pages\/1053\/revisions"}],"predecessor-version":[{"id":1926,"href":"http:\/\/www.pc73.net\/wpfacplus\/wp-json\/wp\/v2\/pages\/1053\/revisions\/1926"}],"wp:attachment":[{"href":"http:\/\/www.pc73.net\/wpfacplus\/wp-json\/wp\/v2\/media?parent=1053"}],"curies":[{"name":"wp","href":"https:\/\/api.w.org\/{rel}","templated":true}]}}