{"id":1099,"date":"2023-08-30T15:35:50","date_gmt":"2023-08-30T13:35:50","guid":{"rendered":"http:\/\/www.pc73.net\/wpfacplus\/?page_id=1099"},"modified":"2023-11-16T10:03:16","modified_gmt":"2023-11-16T09:03:16","slug":"competences-digitales","status":"publish","type":"page","link":"http:\/\/www.pc73.net\/wpfacplus\/competences-digitales\/","title":{"rendered":"Comp\u00e9tences Digitales"},"content":{"rendered":"\n<div class=\"wp-block-cover ticss-d82ef274\"><span aria-hidden=\"true\" class=\"wp-block-cover__background has-background-dim\"><\/span><img loading=\"lazy\" decoding=\"async\" width=\"1410\" height=\"859\" class=\"wp-block-cover__image-background wp-image-1273\" alt=\"\" src=\"http:\/\/www.pc73.net\/wpfacplus\/wp-content\/uploads\/2023\/08\/appren-min.jpg\" style=\"object-position:76% 88%\" data-object-fit=\"cover\" data-object-position=\"76% 88%\" srcset=\"http:\/\/www.pc73.net\/wpfacplus\/wp-content\/uploads\/2023\/08\/appren-min.jpg 1410w, http:\/\/www.pc73.net\/wpfacplus\/wp-content\/uploads\/2023\/08\/appren-min-300x183.jpg 300w, http:\/\/www.pc73.net\/wpfacplus\/wp-content\/uploads\/2023\/08\/appren-min-1024x624.jpg 1024w, http:\/\/www.pc73.net\/wpfacplus\/wp-content\/uploads\/2023\/08\/appren-min-768x468.jpg 768w\" sizes=\"auto, (max-width: 1410px) 100vw, 1410px\" \/><div class=\"wp-block-cover__inner-container is-layout-constrained wp-block-cover-is-layout-constrained\">\n<p class=\"has-text-align-center has-large-font-size\"><\/p>\n<\/div><\/div>\n\n\n\n<div style=\"height:50px\" aria-hidden=\"true\" class=\"wp-block-spacer\"><\/div>\n\n\n\n<h2 class=\"wp-block-heading has-text-align-center has-neve-link-color-color has-text-color\">Formations Comp\u00e9tences digitales<\/h2>\n\n\n\n<div id=\"wp-block-themeisle-blocks-advanced-columns-7cad253c\" class=\"wp-block-themeisle-blocks-advanced-columns has-2-columns has-desktop-oneTwo-layout has-tablet-equal-layout has-mobile-collapsedRows-layout has-vertical-unset\"><div class=\"wp-block-themeisle-blocks-advanced-columns-overlay\"><\/div><div class=\"innerblocks-wrap\">\n<div id=\"wp-block-themeisle-blocks-advanced-column-ae23aaef\" class=\"wp-block-themeisle-blocks-advanced-column\">\n<div id=\"wp-block-themeisle-blocks-tabs-43e51b89\" class=\"wp-block-themeisle-blocks-tabs animated backInLeft is-align-left\"><div class=\"wp-block-themeisle-blocks-tabs__content\">\n<div data-title=\"Digcomp NIV 1\" class=\"wp-block-themeisle-blocks-tabs-item\"><div class=\"wp-block-themeisle-blocks-tabs-item__header\" tabindex=\"0\">Digcomp NIV 1<\/div><div class=\"wp-block-themeisle-blocks-tabs-item__content\">\n<p>D\u00e9couvrir et apprendre l&rsquo;ensemble des comp\u00e9tences digitales pour am\u00e9liorer ses connaissances informatiques dans de multiples domaines tel que : l&rsquo;information et donn\u00e9es, la communication et collaboration, la cr\u00e9ation de contenu num\u00e9rique, la s\u00e9curit\u00e9 num\u00e9rique et la r\u00e9solution des probl\u00e8mes.<\/p>\n\n\n\n<h4 class=\"wp-block-heading has-text-align-center\">Dur\u00e9e : <mark style=\"background-color:rgba(0, 0, 0, 0)\" class=\"has-inline-color has-neve-link-color-color\">35H<\/mark> Tarif : <mark style=\"background-color:rgba(0, 0, 0, 0)\" class=\"has-inline-color has-neve-link-color-color\">2940\u20ac TTC<\/mark><\/h4>\n\n\n\n<h3 class=\"wp-block-heading has-text-align-center has-neve-link-color-color has-text-color\">Formation dispens\u00e9e en pr\u00e9sentiel, classe virtuelle ou mixte e-learning<\/h3>\n\n\n\n<h4 class=\"wp-block-heading has-text-align-center\">Modulable pour la dur\u00e9e et le tarif selon vos besoins<\/h4>\n\n\n\n<h4 class=\"wp-block-heading has-text-align-center has-neve-link-color-color has-text-color\"><a href=\"http:\/\/www.pc73.net\/wpfacplus\/sinscrire\/\" data-type=\"page\" data-id=\"1068\">Inscription hors <strong><mark style=\"background-color:rgba(0, 0, 0, 0)\" class=\"has-inline-color has-neve-text-color-color\">CPF<\/mark><\/strong> &#8211; Comment s&rsquo;inscrire ?<\/a><\/h4>\n\n\n\n<div class=\"wp-block-buttons is-content-justification-left is-nowrap is-layout-flex wp-container-core-buttons-is-layout-6447b855 wp-block-buttons-is-layout-flex\">\n<div class=\"wp-block-button has-custom-width wp-block-button__width-50 is-style-primary\"><a class=\"wp-block-button__link wp-element-button\" href=\"https:\/\/docs.google.com\/forms\/d\/e\/1FAIpQLSfMKIuXKugRFpi5mq77fIMfWkegA7Hw_VIKx7Z5RxwsS1j8XA\/viewform\" style=\"border-radius:20px\" target=\"_blank\" rel=\"noreferrer noopener\">TEST DE NIVEAU<\/a><\/div>\n\n\n\n<div class=\"wp-block-button has-custom-width wp-block-button__width-50 is-style-default\"><a class=\"wp-block-button__link wp-element-button\" href=\"https:\/\/www.moncompteformation.gouv.fr\/espace-prive\/html\/#\/formation\/recherche\/83807710500024_DI-TNiv1\/83807710500024_DI-TNiv1\" style=\"border-radius:20px\" target=\"_blank\" rel=\"noreferrer noopener\">S\u2019INSCRIRE SUR MCF <\/a><\/div>\n<\/div>\n\n\n\n<p class=\"has-text-align-center has-small-font-size\">*<mark style=\"background-color:rgba(0, 0, 0, 0)\" class=\"has-inline-color has-neve-link-color-color\"><strong>MCF<\/strong><\/mark> &#8211; Mon compte personnel de formation<\/p>\n\n\n<div class=\"wp-block-image is-style-default ticss-639b7030\">\n<figure class=\"aligncenter size-full is-resized\" id=\"wp-block-themeisle-blocks-image-2e7fb74e\"><a href=\"http:\/\/www.pc73.net\/wpfacplus\/wp-content\/uploads\/2023\/09\/CPF-DI-TNiv1-Competences-digitales-Initial-a-Operationnel-\u2013-V1-2022-09-03-.pdf\" target=\"_blank\" rel=\"noreferrer noopener\"><img loading=\"lazy\" decoding=\"async\" width=\"50\" height=\"84\" src=\"http:\/\/www.pc73.net\/wpfacplus\/wp-content\/uploads\/2023\/09\/logo-acrobat-min-1.png\" alt=\"\" class=\"wp-image-1611\" style=\"object-fit:contain;width:50px;height:84px\"\/><\/a><\/figure>\n<\/div>\n\n\n<h5 class=\"wp-block-heading has-text-align-center has-neve-link-color-color has-text-color\">T\u00e9l\u00e9chargement du programme de formation<\/h5>\n<\/div><\/div>\n\n\n\n<div data-title=\"Digcomp NIV 2\" class=\"wp-block-themeisle-blocks-tabs-item\"><div class=\"wp-block-themeisle-blocks-tabs-item__header\" tabindex=\"0\">Digcomp NIV 2<\/div><div class=\"wp-block-themeisle-blocks-tabs-item__content\">\n<p>D\u00e9couvrir et ma\u00eetriser l&rsquo;ensemble des comp\u00e9tences digitales pour am\u00e9liorer ses connaissances informatiques dans de multiples domaines tel que : l&rsquo;information et donn\u00e9es, la communication et collaboration, la cr\u00e9ation de contenu num\u00e9rique, la s\u00e9curit\u00e9 num\u00e9rique et la r\u00e9solution des probl\u00e8mes.<\/p>\n\n\n\n<h4 class=\"wp-block-heading has-text-align-center\">Dur\u00e9e : <mark style=\"background-color:rgba(0, 0, 0, 0)\" class=\"has-inline-color has-neve-link-color-color\">49H<\/mark> Tarif : <mark style=\"background-color:rgba(0, 0, 0, 0)\" class=\"has-inline-color has-neve-link-color-color\">4116\u20ac TTC<\/mark><\/h4>\n\n\n\n<h3 class=\"wp-block-heading has-text-align-center has-neve-link-color-color has-text-color\">Formation dispens\u00e9e en pr\u00e9sentiel, classe virtuelle ou mixte e-learning<\/h3>\n\n\n\n<h4 class=\"wp-block-heading has-text-align-center\">Modulable pour la dur\u00e9e et le tarif selon vos besoins<\/h4>\n\n\n\n<h4 class=\"wp-block-heading has-text-align-center has-neve-link-color-color has-text-color\"><a href=\"http:\/\/www.pc73.net\/wpfacplus\/sinscrire\/\" data-type=\"page\" data-id=\"1068\">Inscription hors <strong><mark style=\"background-color:rgba(0, 0, 0, 0)\" class=\"has-inline-color has-neve-text-color-color\">CPF<\/mark><\/strong> &#8211; Comment s&rsquo;inscrire ?<\/a><\/h4>\n\n\n\n<div class=\"wp-block-buttons is-content-justification-left is-nowrap is-layout-flex wp-container-core-buttons-is-layout-6447b855 wp-block-buttons-is-layout-flex\">\n<div class=\"wp-block-button has-custom-width wp-block-button__width-50 is-style-primary\"><a class=\"wp-block-button__link wp-element-button\" href=\"https:\/\/docs.google.com\/forms\/d\/e\/1FAIpQLSfMKIuXKugRFpi5mq77fIMfWkegA7Hw_VIKx7Z5RxwsS1j8XA\/viewform\" style=\"border-radius:20px\" target=\"_blank\" rel=\"noreferrer noopener\">TEST DE NIVEAU<\/a><\/div>\n\n\n\n<div class=\"wp-block-button has-custom-width wp-block-button__width-50 is-style-default\"><a class=\"wp-block-button__link wp-element-button\" href=\"https:\/\/www.moncompteformation.gouv.fr\/espace-prive\/html\/#\/formation\/recherche\/83807710500024_DI-TNiv2\/83807710500024_DI-TNiv2\" style=\"border-radius:20px\" target=\"_blank\" rel=\"noreferrer noopener\">S\u2019INSCRIRE SUR MCF<\/a><\/div>\n<\/div>\n\n\n\n<p class=\"has-text-align-center has-small-font-size\">*<mark style=\"background-color:rgba(0, 0, 0, 0)\" class=\"has-inline-color has-neve-link-color-color\"><strong>MCF<\/strong><\/mark> &#8211; Mon compte personnel de formation<\/p>\n\n\n<div class=\"wp-block-image is-style-default ticss-3210022c\">\n<figure class=\"aligncenter size-full is-resized\" id=\"wp-block-themeisle-blocks-image-66ac6070\"><a href=\"http:\/\/www.pc73.net\/wpfacplus\/wp-content\/uploads\/2023\/09\/CPF-DI-TNiv2-Competences-digitales-Initial-a-Avance-\u2013-V1-2022-12-20.pdf\" target=\"_blank\" rel=\"noreferrer noopener\"><img loading=\"lazy\" decoding=\"async\" width=\"50\" height=\"84\" src=\"http:\/\/www.pc73.net\/wpfacplus\/wp-content\/uploads\/2023\/09\/logo-acrobat-min-1.png\" alt=\"\" class=\"wp-image-1611\" style=\"object-fit:contain;width:50px;height:84px\"\/><\/a><\/figure>\n<\/div>\n\n\n<h5 class=\"wp-block-heading has-text-align-center has-neve-link-color-color has-text-color\">T\u00e9l\u00e9chargement du programme de formation<\/h5>\n<\/div><\/div>\n<\/div><\/div>\n<\/div>\n\n\n\n<div id=\"wp-block-themeisle-blocks-advanced-column-041d363d\" class=\"wp-block-themeisle-blocks-advanced-column ticss-4dd2ac33\">\n<h2 class=\"wp-block-heading has-text-align-center has-neve-text-color-color has-text-color\"> Formation selon r\u00e9f\u00e9rentiel TOSA<\/h2>\n\n\n\n<p>Le num\u00e9rique influence au quotidien notre mode de vie et transforme notre fa\u00e7on de cr\u00e9er, de communiquer, de partager, d\u2019apprendre, de travailler, ou d\u2019\u00e9tablir des relations sociales. La transformation digitale est un processus \u00e9volutif et dynamique. L\u2019\u00e9valuation de ces comp\u00e9tences doit donc \u00eatre pens\u00e9e de fa\u00e7on suffisamment souple et transverse pour corr\u00e9ler aux innovations technologiques d\u2019aujourd\u2019hui et de demain.<\/p>\n\n\n\n<p>La certification Tosa DigComp, bas\u00e9e sur le r\u00e9f\u00e9rentiel du m\u00eame nom issu de la Commission europ\u00e9enne, comporte 5 domaines phares :<\/p>\n\n\n\n<h3 class=\"wp-block-heading has-nv-c-2-color has-text-color\">Informations et donn\u00e9es<\/h3>\n\n\n\n<p>Ce domaine couvre les comp\u00e9tences sur la recherche et la mise \u00e0 jour d\u2019informations et de contenus dans l\u2019environnement num\u00e9rique ainsi que sur l\u2019identification des diff\u00e9rents types de sites web. Il inclut \u00e9galement l\u2019analyse et l\u2019\u00e9valuation de la fiabilit\u00e9 des sources de donn\u00e9es num\u00e9riques, l\u2019organisation et le traitement de l\u2019information dans un environnement structur\u00e9 (t\u00e9l\u00e9chargement et organisation de fichiers, utilisation d\u2019images et de formulaire, etc.).<\/p>\n\n\n\n<h3 class=\"wp-block-heading has-nv-c-2-color has-text-color\">Communication et collaboration<\/h3>\n\n\n\n<p>Les comp\u00e9tences test\u00e9es dans ce domaine portent sur l\u2019utilisation des outils et des technologies num\u00e9riques dans les processus collaboratifs (r\u00e9seaux sociaux, conf\u00e9rences en ligne, discussions de groupe), ainsi que sur la cr\u00e9ation collaborative de documents, donn\u00e9es et ressources appropri\u00e9es. Ce domaine couvre \u00e9galement la gestion des pratiques de r\u00e9f\u00e9rencement et d\u2019attribution des donn\u00e9es et l\u2019utilisation des services num\u00e9riques publics ou priv\u00e9s ainsi que la gestion de l\u2019identit\u00e9 num\u00e9rique.<\/p>\n\n\n\n<h3 class=\"wp-block-heading has-nv-c-2-color has-text-color\">Cr\u00e9ation de contenu num\u00e9rique<\/h3>\n\n\n\n<p>Les questions de ce domaine portent sur les connaissances des applications des droits d\u2019auteurs et des ramifications juridiques des diff\u00e9rents types de licences. Elles couvrent \u00e9galement la cr\u00e9ation et l\u2019\u00e9dition de contenus num\u00e9riques simples (sur sa messagerie, les r\u00e9seaux sociaux) et l\u2019int\u00e9gration ou la modification de l\u2019information dans un corpus existant via l\u2019utilisation de diff\u00e9rents syst\u00e8mes d\u2019exploitation, flux RSS, etc.<\/p>\n\n\n\n<h3 class=\"wp-block-heading has-nv-c-2-color has-text-color\">S\u00e9curit\u00e9 num\u00e9rique<\/h3>\n\n\n\n<p>Ce domaine traite de la protection des appareils et la protection de contenus num\u00e9riques par l\u2019utilisation d\u2019applications de programmes anti-malveillants. Il est \u00e9galement \u00e9valu\u00e9 sur la protection des donn\u00e9es personnelles (connaissance des risques et des mesures de s\u00e9curit\u00e9) ainsi que sur ses connaissances de l\u2019impact environnemental des technologies num\u00e9riques.<\/p>\n\n\n\n<h3 class=\"wp-block-heading has-nv-c-2-color has-text-color\">R\u00e9solution des probl\u00e8mes<\/h3>\n\n\n\n<p>Ce bloc de comp\u00e9tences rassemble des questions sur l\u2019identification et la r\u00e9solution des probl\u00e8mes techniques lors du fonctionnement des p\u00e9riph\u00e9riques dans l\u2019environnement num\u00e9rique. Il inclut \u00e9galement des questions sur la mise en place de l\u2019utilisation des outils de veille (personnels ou professionnels). Enfin, sont aussi \u00e9valu\u00e9es les comp\u00e9tences sur la mise en place d\u2019un d\u00e9veloppement des comp\u00e9tences num\u00e9riques tout au long de la vie.<\/p>\n\n\n\n<p>La certification Tosa DigComp permet aux \u00e9tudiants, stagiaires, employ\u00e9s ou demandeurs d&#8217;emploi de renforcer leur employabilit\u00e9 et d\u2019atteindre leurs objectifs professionnels.<\/p>\n<\/div>\n<\/div><\/div>\n\n\n\n<div style=\"height:50px\" aria-hidden=\"true\" class=\"wp-block-spacer\"><\/div>\n\n\n\n<h2 class=\"wp-block-heading has-text-align-center ticss-7c23d394\">Acc\u00e9dez rapidement au bureau<\/h2>\n\n\n\n<p class=\"ticss-aa2203ba\">De la m\u00eame mani\u00e8re, il est possible d\u2019afficher rapidement le bureau de plusieurs mani\u00e8res. La premi\u00e8re, en utilisant le raccourci clavier <mark style=\"background-color:rgba(0, 0, 0, 0)\" class=\"has-inline-color has-neve-link-color-color\"><strong><em>Windows+D<\/em><\/strong><\/mark>. La seconde en cliquant sur le trait fin affich\u00e9 \u00e0 l\u2019extr\u00e9mit\u00e9 droite de la barre des t\u00e2ches, juste \u00e0 c\u00f4t\u00e9 de l\u2019heure et du compteur de notification. Un clic affiche le bureau, un second clic affiche de nouveau toutes vos fen\u00eatres.<\/p>\n\n\n\n<h2 class=\"wp-block-heading has-text-align-center ticss-67d08b32\"><strong>Ouvrez rapidement une nouvelle fen\u00eatre d\u2019application<\/strong><\/h2>\n\n\n\n<p class=\"ticss-bc69e71e\">Il est possible d\u2019ouvrir rapidement une nouvelle fen\u00eatre d\u2019une application (explorateur de fichier, navigateur web, traitement de texte, etc.) en faisant un simple&nbsp;<strong><mark style=\"background-color:rgba(0, 0, 0, 0)\" class=\"has-inline-color has-neve-link-color-color\"><em>clic avec la molette de la souris<\/em><\/mark><\/strong>&nbsp;sur l\u2019ic\u00f4ne de l\u2019application affich\u00e9e dans la barre des t\u00e2ches.<\/p>\n\n\n\n<div style=\"height:50px\" aria-hidden=\"true\" class=\"wp-block-spacer\"><\/div>\n\n\n\n<div class=\"wp-block-group alignfull has-background-color ticss-b6d689f7 has-neve-link-color-background-color has-background has-link-color has-medium-font-size wp-elements-144723183ce5420a6c5303a66ea4297c\" style=\"min-height:40vh;margin-top:0;margin-bottom:0;padding-top:var(--wp--preset--spacing--60);padding-right:var(--wp--preset--spacing--40);padding-bottom:var(--wp--preset--spacing--60);padding-left:var(--wp--preset--spacing--40)\"><div class=\"wp-block-group__inner-container is-layout-constrained wp-container-core-group-is-layout-27c39f3e wp-block-group-is-layout-constrained\">\n<div class=\"wp-block-columns alignwide has-small-font-size is-layout-flex wp-container-core-columns-is-layout-9d6595d7 wp-block-columns-is-layout-flex\">\n<div class=\"wp-block-column ticss-37c2d156 is-layout-flow wp-block-column-is-layout-flow\">\n<p class=\"has-text-align-center has-medium-font-size\">1969 route royale<\/p>\n\n\n\n<p class=\"has-text-align-center has-nv-site-bg-color has-text-color has-large-font-size\">FACPLUS<\/p>\n\n\n\n<p class=\"has-text-align-center has-medium-font-size\">73190 Challes les eaux<\/p>\n\n\n\n<p class=\"has-text-align-center has-nv-site-bg-color has-text-color has-medium-font-size\">Ouverture au public<\/p>\n\n\n\n<p class=\"has-text-align-center has-medium-font-size\">Lundi au vendredi : 9:00 &#8211; 12:00 et 14:00 &#8211; 18:00<\/p>\n\n\n\n<p class=\"has-text-align-center has-medium-font-size\">Lundi matin, vendredi am, samedi matin sur RDV<\/p>\n<\/div>\n\n\n\n<div class=\"wp-block-column ticss-ef63ceff is-layout-flow wp-block-column-is-layout-flow\"><nav class=\"has-text-color has-nv-site-bg-color has-medium-font-size items-justified-center is-vertical wp-block-navigation is-content-justification-center is-layout-flex wp-container-core-navigation-is-layout-9a7cdcfd wp-block-navigation-is-layout-flex\" aria-label=\"web-agency-gb-main-menu\"><ul class=\"wp-block-navigation__container has-text-color has-nv-site-bg-color has-medium-font-size items-justified-center is-vertical wp-block-navigation has-medium-font-size\"><li class=\"has-medium-font-size wp-block-navigation-item menu-item menu-item-type-post_type menu-item-object-page menu-item-home ticss-a9e52769 wp-block-navigation-link\"><a class=\"wp-block-navigation-item__content\"  href=\"http:\/\/www.pc73.net\/wpfacplus\/\" title=\"\"><span class=\"wp-block-navigation-item__label\">Accueil<\/span><\/a><\/li><li class=\"has-medium-font-size wp-block-navigation-item menu-item menu-item-type-post_type wp-block-navigation-link\"><a class=\"wp-block-navigation-item__content\"  href=\"http:\/\/www.pc73.net\/wpfacplus\/historique\/\" title=\"\"><span class=\"wp-block-navigation-item__label\">A propos de nous<\/span><\/a><\/li><li class=\"has-medium-font-size wp-block-navigation-item wp-block-navigation-link\"><a class=\"wp-block-navigation-item__content\"  href=\"https:\/\/goo.gl\/maps\/g7nTJkBkCCo\" target=\"_blank\"   title=\"\"><span class=\"wp-block-navigation-item__label\">Nous situer<\/span><span class=\"wp-block-navigation-item__description\">Situation g\u00e9ographique FACPLUS<\/span><\/a><\/li><li class=\"has-medium-font-size wp-block-navigation-item  menu-item menu-item-type-post_type menu-item-object-page wp-block-navigation-link\"><a class=\"wp-block-navigation-item__content\"  href=\"http:\/\/www.pc73.net\/wpfacplus\/contact\/\" title=\"\"><span class=\"wp-block-navigation-item__label\">Contactez nous<\/span><\/a><\/li><li class=\"wp-block-navigation-item\"><div class=\"is-default-size is-style-default wp-block-site-logo\"><a href=\"http:\/\/www.pc73.net\/wpfacplus\/\" class=\"custom-logo-link\" rel=\"home\"><img loading=\"lazy\" decoding=\"async\" width=\"367\" height=\"376\" src=\"http:\/\/www.pc73.net\/wpfacplus\/wp-content\/uploads\/2023\/09\/logo-fac1-min.png\" class=\"custom-logo\" alt=\"FacPlus\" srcset=\"http:\/\/www.pc73.net\/wpfacplus\/wp-content\/uploads\/2023\/09\/logo-fac1-min.png 367w, http:\/\/www.pc73.net\/wpfacplus\/wp-content\/uploads\/2023\/09\/logo-fac1-min-293x300.png 293w\" sizes=\"auto, (max-width: 367px) 100vw, 367px\" \/><\/a><\/div><\/li><\/ul><\/nav><\/div>\n\n\n\n<div class=\"wp-block-column is-layout-flow wp-block-column-is-layout-flow\">\n<p class=\"has-text-align-center has-medium-font-size\">Suivez-nous<\/p>\n\n\n\n<div class=\"wp-block-group is-vertical is-content-justification-center is-layout-flex wp-container-core-group-is-layout-bdd043ae wp-block-group-is-layout-flex\">\n<p class=\"has-medium-font-size\"><a href=\"https:\/\/www.facebook.com\/FACPLUS.FR\/\" target=\"_blank\" rel=\"noreferrer noopener\">Facebook<\/a><\/p>\n\n\n\n<p class=\"has-medium-font-size\"><a href=\"https:\/\/www.linkedin.com\/in\/fac-plus\/\" target=\"_blank\" rel=\"noreferrer noopener\">Linkedin<\/a><\/p>\n\n\n\n<p><\/p>\n<\/div>\n\n\n\n<div style=\"height:24px\" aria-hidden=\"true\" class=\"wp-block-spacer\"><\/div>\n<\/div>\n<\/div>\n\n\n\n<div class=\"wp-block-group alignwide is-content-justification-center is-layout-flex wp-container-core-group-is-layout-5590e8cb wp-block-group-is-layout-flex\">\n<p class=\"has-text-align-center has-small-font-size\"> D\u00e9velopp\u00e9 par <mark style=\"background-color:rgba(0, 0, 0, 0)\" class=\"has-inline-color has-nv-site-bg-color\">FACPLUS<\/mark><\/p>\n<\/div>\n<\/div><\/div>\n","protected":false},"excerpt":{"rendered":"<p>Formations Comp\u00e9tences digitales Acc\u00e9dez rapidement au bureau De la m\u00eame mani\u00e8re, il est possible d\u2019afficher rapidement le bureau de plusieurs mani\u00e8res. La premi\u00e8re, en utilisant le raccourci clavier Windows+D. La seconde en cliquant sur le trait fin affich\u00e9 \u00e0 l\u2019extr\u00e9mit\u00e9 droite de la barre des t\u00e2ches, juste \u00e0 c\u00f4t\u00e9 de l\u2019heure et du compteur de&hellip;&nbsp;<a href=\"http:\/\/www.pc73.net\/wpfacplus\/competences-digitales\/\" class=\"\" rel=\"bookmark\">Lire la suite &raquo;<span class=\"screen-reader-text\">Comp\u00e9tences Digitales<\/span><\/a><\/p>\n","protected":false},"author":2,"featured_media":0,"parent":0,"menu_order":0,"comment_status":"closed","ping_status":"closed","template":"","meta":{"neve_meta_sidebar":"","neve_meta_container":"full-width","neve_meta_enable_content_width":"","neve_meta_content_width":0,"neve_meta_title_alignment":"","neve_meta_author_avatar":"","neve_post_elements_order":"","neve_meta_disable_header":"","neve_meta_disable_footer":"on","neve_meta_disable_title":"on","neve_meta_reading_time":"","_themeisle_gutenberg_block_has_review":false,"_ti_tpc_template_sync":false,"_ti_tpc_template_id":"","footnotes":""},"class_list":["post-1099","page","type-page","status-publish","hentry"],"_links":{"self":[{"href":"http:\/\/www.pc73.net\/wpfacplus\/wp-json\/wp\/v2\/pages\/1099","targetHints":{"allow":["GET"]}}],"collection":[{"href":"http:\/\/www.pc73.net\/wpfacplus\/wp-json\/wp\/v2\/pages"}],"about":[{"href":"http:\/\/www.pc73.net\/wpfacplus\/wp-json\/wp\/v2\/types\/page"}],"author":[{"embeddable":true,"href":"http:\/\/www.pc73.net\/wpfacplus\/wp-json\/wp\/v2\/users\/2"}],"replies":[{"embeddable":true,"href":"http:\/\/www.pc73.net\/wpfacplus\/wp-json\/wp\/v2\/comments?post=1099"}],"version-history":[{"count":17,"href":"http:\/\/www.pc73.net\/wpfacplus\/wp-json\/wp\/v2\/pages\/1099\/revisions"}],"predecessor-version":[{"id":2376,"href":"http:\/\/www.pc73.net\/wpfacplus\/wp-json\/wp\/v2\/pages\/1099\/revisions\/2376"}],"wp:attachment":[{"href":"http:\/\/www.pc73.net\/wpfacplus\/wp-json\/wp\/v2\/media?parent=1099"}],"curies":[{"name":"wp","href":"https:\/\/api.w.org\/{rel}","templated":true}]}}