{"id":1113,"date":"2023-08-30T15:37:40","date_gmt":"2023-08-30T13:37:40","guid":{"rendered":"http:\/\/www.pc73.net\/wpfacplus\/?page_id=1113"},"modified":"2023-09-26T17:21:05","modified_gmt":"2023-09-26T15:21:05","slug":"powerpoint","status":"publish","type":"page","link":"http:\/\/www.pc73.net\/wpfacplus\/powerpoint\/","title":{"rendered":"Powerpoint"},"content":{"rendered":"\n<div class=\"wp-block-cover is-light ticss-1800b805\"><span aria-hidden=\"true\" class=\"wp-block-cover__background has-background-dim\"><\/span><img loading=\"lazy\" decoding=\"async\" width=\"1102\" height=\"735\" class=\"wp-block-cover__image-background wp-image-1648\" alt=\"\" src=\"http:\/\/www.pc73.net\/wpfacplus\/wp-content\/uploads\/2023\/09\/power-min.jpg\" style=\"object-position:61% 65%\" data-object-fit=\"cover\" data-object-position=\"61% 65%\" srcset=\"http:\/\/www.pc73.net\/wpfacplus\/wp-content\/uploads\/2023\/09\/power-min.jpg 1102w, http:\/\/www.pc73.net\/wpfacplus\/wp-content\/uploads\/2023\/09\/power-min-300x200.jpg 300w, http:\/\/www.pc73.net\/wpfacplus\/wp-content\/uploads\/2023\/09\/power-min-1024x683.jpg 1024w, http:\/\/www.pc73.net\/wpfacplus\/wp-content\/uploads\/2023\/09\/power-min-768x512.jpg 768w, http:\/\/www.pc73.net\/wpfacplus\/wp-content\/uploads\/2023\/09\/power-min-930x620.jpg 930w\" sizes=\"auto, (max-width: 1102px) 100vw, 1102px\" \/><div class=\"wp-block-cover__inner-container is-layout-constrained wp-block-cover-is-layout-constrained\">\n<p class=\"has-text-align-center has-large-font-size\"><\/p>\n<\/div><\/div>\n\n\n\n<h2 class=\"wp-block-heading has-text-align-center has-neve-link-color-color has-text-color\">Formations Microsoft PowerPoint<\/h2>\n\n\n\n<div id=\"wp-block-themeisle-blocks-advanced-columns-7cad253c\" class=\"wp-block-themeisle-blocks-advanced-columns has-2-columns has-desktop-oneTwo-layout has-tablet-equal-layout has-mobile-collapsedRows-layout has-vertical-unset\"><div class=\"wp-block-themeisle-blocks-advanced-columns-overlay\"><\/div><div class=\"innerblocks-wrap\">\n<div id=\"wp-block-themeisle-blocks-advanced-column-ae23aaef\" class=\"wp-block-themeisle-blocks-advanced-column\">\n<div id=\"wp-block-themeisle-blocks-tabs-43e51b89\" class=\"wp-block-themeisle-blocks-tabs animated backInLeft is-align-left\"><div class=\"wp-block-themeisle-blocks-tabs__content\">\n<div data-title=\"Powerpoint NIV 0-1\" class=\"wp-block-themeisle-blocks-tabs-item\"><div class=\"wp-block-themeisle-blocks-tabs-item__header\" tabindex=\"0\">Powerpoint NIV 0-1<\/div><div class=\"wp-block-themeisle-blocks-tabs-item__content\">\n<p>D\u00e9couvrir et apprendre l\u2019environnement et les m\u00e9thodes. D\u00e9couvrir et apprendre la gestion du texte. D\u00e9couvrir et apprendre la gestion des objets. D\u00e9couvrir et apprendre les th\u00e8mes et mod\u00e8les<\/p>\n\n\n\n<h4 class=\"wp-block-heading has-text-align-center\">Dur\u00e9e : <mark style=\"background-color:rgba(0, 0, 0, 0)\" class=\"has-inline-color has-neve-link-color-color\">24H<\/mark> Tarif : <mark style=\"background-color:rgba(0, 0, 0, 0)\" class=\"has-inline-color has-neve-link-color-color\">2016\u20ac TTC<\/mark><\/h4>\n\n\n\n<h3 class=\"wp-block-heading has-text-align-center has-neve-link-color-color has-text-color\">Formation dispens\u00e9e en pr\u00e9sentiel, classe virtuelle ou mixte e-learning<\/h3>\n\n\n\n<h4 class=\"wp-block-heading has-text-align-center\">Modulable pour la dur\u00e9e et le tarif selon vos besoins<\/h4>\n\n\n\n<h4 class=\"wp-block-heading has-text-align-center has-neve-link-color-color has-text-color\"><a href=\"http:\/\/www.pc73.net\/wpfacplus\/sinscrire\/\" data-type=\"page\" data-id=\"1068\">Inscription hors <strong><mark style=\"background-color:rgba(0, 0, 0, 0)\" class=\"has-inline-color has-neve-text-color-color\">CPF<\/mark><\/strong> &#8211; Comment s&rsquo;inscrire ?<\/a><\/h4>\n\n\n\n<div class=\"wp-block-buttons is-content-justification-left is-nowrap is-layout-flex wp-container-core-buttons-is-layout-6447b855 wp-block-buttons-is-layout-flex\">\n<div class=\"wp-block-button has-custom-width wp-block-button__width-50 is-style-primary\"><a class=\"wp-block-button__link wp-element-button\" href=\"https:\/\/docs.google.com\/forms\/d\/e\/1FAIpQLSfULsOmVWLHzcgd-6CGWMj1RaS08-Zqo7rE4EFKkeaYA8LFtA\/viewform\" style=\"border-radius:20px\" target=\"_blank\" rel=\"noreferrer noopener\">TEST DE NIVEAU<\/a><\/div>\n\n\n\n<div class=\"wp-block-button has-custom-width wp-block-button__width-50 is-style-default\"><a class=\"wp-block-button__link wp-element-button\" href=\"https:\/\/www.moncompteformation.gouv.fr\/espace-prive\/html\/#\/formation\/recherche\/83807710500024_PO-TNiv0-1\/83807710500024_PO-TNiv0-1\" style=\"border-radius:20px\" target=\"_blank\" rel=\"noreferrer noopener\">S\u2019INSCRIRE SUR MCF <\/a><\/div>\n<\/div>\n\n\n\n<p class=\"has-text-align-center has-small-font-size\">*<mark style=\"background-color:rgba(0, 0, 0, 0)\" class=\"has-inline-color has-neve-link-color-color\"><strong>MCF<\/strong><\/mark> &#8211; Mon compte personnel de formation<\/p>\n\n\n<div class=\"wp-block-image is-style-default ticss-639b7030\">\n<figure class=\"aligncenter size-full is-resized\" id=\"wp-block-themeisle-blocks-image-440fdf2d\"><a href=\"http:\/\/www.pc73.net\/wpfacplus\/wp-content\/uploads\/2023\/09\/CPF-PO-TNiv0-1-TOSA-Intro-Wd-et-Initial-Basique-V1-2023-02-01.pdf\" target=\"_blank\" rel=\"noreferrer noopener\"><img loading=\"lazy\" decoding=\"async\" src=\"http:\/\/www.pc73.net\/wpfacplus\/wp-content\/uploads\/2023\/09\/logo-acrobat-min-1.png\" alt=\"\" class=\"wp-image-1611\" style=\"object-fit:contain;width:50px;height:84px\" width=\"50\" height=\"84\"\/><\/a><\/figure>\n<\/div>\n\n\n<h5 class=\"wp-block-heading has-text-align-center has-neve-link-color-color has-text-color\">T\u00e9l\u00e9chargement du programme de formation<\/h5>\n<\/div><\/div>\n\n\n\n<div data-title=\"Powerpoint NIV 0-2\" class=\"wp-block-themeisle-blocks-tabs-item\"><div class=\"wp-block-themeisle-blocks-tabs-item__header\" tabindex=\"0\">Powerpoint NIV 0-2<\/div><div class=\"wp-block-themeisle-blocks-tabs-item__content\">\n<p>D\u00e9couvrir et perfectionner l\u2019environnement, les m\u00e9thodes et diaporamas. D\u00e9couvrir et perfectionner la gestion du texte. D\u00e9couvrir et perfectionner la gestion des objets. D\u00e9couvrir et perfectionner les th\u00e8mes et mod\u00e8les<\/p>\n\n\n\n<h4 class=\"wp-block-heading has-text-align-center\">Dur\u00e9e : <mark style=\"background-color:rgba(0, 0, 0, 0)\" class=\"has-inline-color has-neve-link-color-color\">52H<\/mark> Tarif : <mark style=\"background-color:rgba(0, 0, 0, 0)\" class=\"has-inline-color has-neve-link-color-color\">4368\u20ac TTC<\/mark><\/h4>\n\n\n\n<h3 class=\"wp-block-heading has-text-align-center has-neve-link-color-color has-text-color\">Formation dispens\u00e9e en pr\u00e9sentiel, classe virtuelle ou mixte e-learning<\/h3>\n\n\n\n<h4 class=\"wp-block-heading has-text-align-center\">Modulable pour la dur\u00e9e et le tarif selon vos besoins<\/h4>\n\n\n\n<h4 class=\"wp-block-heading has-text-align-center has-neve-link-color-color has-text-color\"><a href=\"http:\/\/www.pc73.net\/wpfacplus\/sinscrire\/\" data-type=\"page\" data-id=\"1068\">Inscription hors <strong><mark style=\"background-color:rgba(0, 0, 0, 0)\" class=\"has-inline-color has-neve-text-color-color\">CPF<\/mark><\/strong> &#8211; Comment s&rsquo;inscrire ?<\/a><\/h4>\n\n\n\n<div class=\"wp-block-buttons is-content-justification-left is-nowrap is-layout-flex wp-container-core-buttons-is-layout-6447b855 wp-block-buttons-is-layout-flex\">\n<div class=\"wp-block-button has-custom-width wp-block-button__width-50 is-style-primary\"><a class=\"wp-block-button__link wp-element-button\" href=\"https:\/\/docs.google.com\/forms\/d\/e\/1FAIpQLSfULsOmVWLHzcgd-6CGWMj1RaS08-Zqo7rE4EFKkeaYA8LFtA\/viewform\" style=\"border-radius:20px\" target=\"_blank\" rel=\"noreferrer noopener\">TEST DE NIVEAU<\/a><\/div>\n\n\n\n<div class=\"wp-block-button has-custom-width wp-block-button__width-50 is-style-default\"><a class=\"wp-block-button__link wp-element-button\" href=\"https:\/\/www.moncompteformation.gouv.fr\/espace-prive\/html\/#\/formation\/recherche\/83807710500024_PO-TNiv0-2\/83807710500024_PO-TNiv0-2\" style=\"border-radius:20px\" target=\"_blank\" rel=\"noreferrer noopener\">S\u2019INSCRIRE SUR MCF<\/a><\/div>\n<\/div>\n\n\n\n<p class=\"has-text-align-center has-small-font-size\">*<mark style=\"background-color:rgba(0, 0, 0, 0)\" class=\"has-inline-color has-neve-link-color-color\"><strong>MCF<\/strong><\/mark> &#8211; Mon compte personnel de formation<\/p>\n\n\n<div class=\"wp-block-image is-style-default ticss-796a0eef\">\n<figure class=\"aligncenter size-full is-resized\" id=\"wp-block-themeisle-blocks-image-48f8f35d\"><a href=\"http:\/\/www.pc73.net\/wpfacplus\/wp-content\/uploads\/2023\/09\/CPF-PO-TNiv0-2-TOSA-Intro-Wd-et-Initial-a-avance-V1-2023-02-01.pdf\" target=\"_blank\" rel=\"noreferrer noopener\"><img loading=\"lazy\" decoding=\"async\" src=\"http:\/\/www.pc73.net\/wpfacplus\/wp-content\/uploads\/2023\/09\/logo-acrobat-min-1.png\" alt=\"\" class=\"wp-image-1611\" style=\"object-fit:contain;width:50px;height:84px\" width=\"50\" height=\"84\"\/><\/a><\/figure>\n<\/div>\n\n\n<h5 class=\"wp-block-heading has-text-align-center has-neve-link-color-color has-text-color\">T\u00e9l\u00e9chargement du programme de formation<\/h5>\n<\/div><\/div>\n\n\n\n<div data-title=\"PP NIV 2\" class=\"wp-block-themeisle-blocks-tabs-item\"><div class=\"wp-block-themeisle-blocks-tabs-item__header\" tabindex=\"0\">PP NIV 2<\/div><div class=\"wp-block-themeisle-blocks-tabs-item__content\">\n<p>Perfectionner ses connaissances de l\u2019environnement, des m\u00e9thodes et des diaporamas. Perfectionner ses connaissances de la gestion du texte. Perfectionner ses connaissances de la gestion des objets. Perfectionner ses connaissances des th\u00e8mes et mod\u00e8les<\/p>\n\n\n\n<h4 class=\"wp-block-heading has-text-align-center\">Dur\u00e9e : <mark style=\"background-color:rgba(0, 0, 0, 0)\" class=\"has-inline-color has-neve-link-color-color\">28H<\/mark> Tarif : <mark style=\"background-color:rgba(0, 0, 0, 0)\" class=\"has-inline-color has-neve-link-color-color\">2352\u20ac TTC<\/mark><\/h4>\n\n\n\n<h3 class=\"wp-block-heading has-text-align-center has-neve-link-color-color has-text-color\">Formation dispens\u00e9e en pr\u00e9sentiel, classe virtuelle ou mixte e-learning<\/h3>\n\n\n\n<h4 class=\"wp-block-heading has-text-align-center\">Modulable pour la dur\u00e9e et le tarif selon vos besoins<\/h4>\n\n\n\n<h4 class=\"wp-block-heading has-text-align-center has-neve-link-color-color has-text-color\"><a href=\"http:\/\/www.pc73.net\/wpfacplus\/sinscrire\/\" data-type=\"page\" data-id=\"1068\">Inscription hors <strong><mark style=\"background-color:rgba(0, 0, 0, 0)\" class=\"has-inline-color has-neve-text-color-color\">CPF<\/mark><\/strong> &#8211; Comment s&rsquo;inscrire ?<\/a><\/h4>\n\n\n\n<div class=\"wp-block-buttons is-content-justification-left is-nowrap is-layout-flex wp-container-core-buttons-is-layout-6447b855 wp-block-buttons-is-layout-flex\">\n<div class=\"wp-block-button has-custom-width wp-block-button__width-50 is-style-primary\"><a class=\"wp-block-button__link wp-element-button\" href=\"https:\/\/docs.google.com\/forms\/d\/e\/1FAIpQLSfULsOmVWLHzcgd-6CGWMj1RaS08-Zqo7rE4EFKkeaYA8LFtA\/viewform\" style=\"border-radius:20px\" target=\"_blank\" rel=\"noreferrer noopener\">TEST DE NIVEAU<\/a><\/div>\n\n\n\n<div class=\"wp-block-button has-custom-width wp-block-button__width-50 is-style-default\"><a class=\"wp-block-button__link wp-element-button\" href=\"https:\/\/www.moncompteformation.gouv.fr\/espace-prive\/html\/#\/formation\/recherche\/83807710500024_PO-TNiv2\/83807710500024_PO-TNiv2\" style=\"border-radius:20px\" target=\"_blank\" rel=\"noreferrer noopener\">S\u2019INSCRIRE SUR MCF<\/a><\/div>\n<\/div>\n\n\n\n<p class=\"has-text-align-center has-small-font-size\">*<mark style=\"background-color:rgba(0, 0, 0, 0)\" class=\"has-inline-color has-neve-link-color-color\"><strong>MCF<\/strong><\/mark> &#8211; Mon compte personnel de formation<\/p>\n\n\n<div class=\"wp-block-image is-style-default ticss-3210022c\">\n<figure class=\"aligncenter size-full is-resized\" id=\"wp-block-themeisle-blocks-image-52a0b8a4\"><a href=\"http:\/\/www.pc73.net\/wpfacplus\/wp-content\/uploads\/2023\/09\/CPF-PO-TNiv2-TOSA-Operationnel-et-avance-V1-2023-02-01.pdf\" target=\"_blank\" rel=\"noreferrer noopener\"><img loading=\"lazy\" decoding=\"async\" src=\"http:\/\/www.pc73.net\/wpfacplus\/wp-content\/uploads\/2023\/09\/logo-acrobat-min-1.png\" alt=\"\" class=\"wp-image-1611\" style=\"object-fit:contain;width:50px;height:84px\" width=\"50\" height=\"84\"\/><\/a><\/figure>\n<\/div>\n\n\n<h5 class=\"wp-block-heading has-text-align-center has-neve-link-color-color has-text-color\">T\u00e9l\u00e9chargement du programme de formation<\/h5>\n<\/div><\/div>\n\n\n\n<div data-title=\"PP NIV 3\" class=\"wp-block-themeisle-blocks-tabs-item\"><div class=\"wp-block-themeisle-blocks-tabs-item__header\" tabindex=\"0\">PP NIV 3<\/div><div class=\"wp-block-themeisle-blocks-tabs-item__content\">\n<p>Ma\u00eetriser ses connaissances de l\u2019environnement, des m\u00e9thodes et des diaporamas. Ma\u00eetriser ses connaissances de la gestion du texte. Ma\u00eetriser ses connaissances de la gestion des objets. Ma\u00eetriser ses connaissances des th\u00e8mes et mod\u00e8les<\/p>\n\n\n\n<h4 class=\"wp-block-heading has-text-align-center\">Dur\u00e9e : <mark style=\"background-color:rgba(0, 0, 0, 0)\" class=\"has-inline-color has-neve-link-color-color\">21H<\/mark> Tarif : <mark style=\"background-color:rgba(0, 0, 0, 0)\" class=\"has-inline-color has-neve-link-color-color\">1764\u20ac TTC<\/mark><\/h4>\n\n\n\n<h3 class=\"wp-block-heading has-text-align-center has-neve-link-color-color has-text-color\">Formation dispens\u00e9e en pr\u00e9sentiel, classe virtuelle ou mixte e-learning<\/h3>\n\n\n\n<h4 class=\"wp-block-heading has-text-align-center\">Modulable pour la dur\u00e9e et le tarif selon vos besoins<\/h4>\n\n\n\n<h4 class=\"wp-block-heading has-text-align-center has-neve-link-color-color has-text-color\"><a href=\"http:\/\/www.pc73.net\/wpfacplus\/sinscrire\/\" data-type=\"page\" data-id=\"1068\">Inscription hors <strong><mark style=\"background-color:rgba(0, 0, 0, 0)\" class=\"has-inline-color has-neve-text-color-color\">CPF<\/mark><\/strong> &#8211; Comment s&rsquo;inscrire ?<\/a><\/h4>\n\n\n\n<div class=\"wp-block-buttons is-content-justification-left is-nowrap is-layout-flex wp-container-core-buttons-is-layout-6447b855 wp-block-buttons-is-layout-flex\">\n<div class=\"wp-block-button has-custom-width wp-block-button__width-50 is-style-primary\"><a class=\"wp-block-button__link wp-element-button\" href=\"https:\/\/docs.google.com\/forms\/d\/e\/1FAIpQLSfULsOmVWLHzcgd-6CGWMj1RaS08-Zqo7rE4EFKkeaYA8LFtA\/viewform\" style=\"border-radius:20px\" target=\"_blank\" rel=\"noreferrer noopener\">TEST DE NIVEAU<\/a><\/div>\n\n\n\n<div class=\"wp-block-button has-custom-width wp-block-button__width-50 is-style-default\"><a class=\"wp-block-button__link wp-element-button\" href=\"https:\/\/docs.google.com\/forms\/d\/e\/1FAIpQLSfULsOmVWLHzcgd-6CGWMj1RaS08-Zqo7rE4EFKkeaYA8LFtA\/viewform\" style=\"border-radius:20px\" target=\"_blank\" rel=\"noreferrer noopener\">S\u2019INSCRIRE SUR MCF<\/a><\/div>\n<\/div>\n\n\n\n<p class=\"has-text-align-center has-small-font-size\">*<mark style=\"background-color:rgba(0, 0, 0, 0)\" class=\"has-inline-color has-neve-link-color-color\"><strong>MCF<\/strong><\/mark> &#8211; Mon compte personnel de formation<\/p>\n\n\n<div class=\"wp-block-image is-style-default ticss-204f3a90\">\n<figure class=\"aligncenter size-full is-resized\" id=\"wp-block-themeisle-blocks-image-0b4834db\"><a href=\"http:\/\/www.pc73.net\/wpfacplus\/wp-content\/uploads\/2023\/09\/CPF-PO-TNiv3-TOSA-Expert-V1-2023-02-01.pdf\" target=\"_blank\" rel=\"noreferrer noopener\"><img loading=\"lazy\" decoding=\"async\" src=\"http:\/\/www.pc73.net\/wpfacplus\/wp-content\/uploads\/2023\/09\/logo-acrobat-min-1.png\" alt=\"\" class=\"wp-image-1611\" style=\"object-fit:contain;width:50px;height:84px\" width=\"50\" height=\"84\"\/><\/a><\/figure>\n<\/div>\n\n\n<h5 class=\"wp-block-heading has-text-align-center has-neve-link-color-color has-text-color\">T\u00e9l\u00e9chargement du programme de formation<\/h5>\n<\/div><\/div>\n<\/div><\/div>\n<\/div>\n\n\n\n<div id=\"wp-block-themeisle-blocks-advanced-column-041d363d\" class=\"wp-block-themeisle-blocks-advanced-column ticss-4dd2ac33\">\n<h2 class=\"wp-block-heading has-text-align-center has-neve-text-color-color has-text-color\"> Powerpoint &#8211; Le logiciel de pr\u00e9sentation<\/h2>\n\n\n\n<p>Microsoft Powerpoint est un logiciel de pr\u00e9sentation publi\u00e9 par Microsoft. La version la plus r\u00e9cente est Powerpoint 2021. Elle fait partie de la suite Office 2021 et du service Microsoft 365.<\/p>\n\n\n\n<p>Dans PowerPoint, ainsi que dans la plupart des logiciels de pr\u00e9sentation, les textes, images, vid\u00e9os et autres objets sont positionn\u00e9s sur des pages individuelles, les \u00ab&nbsp;slides&nbsp;\u00bb (on parle aussi de diapositives, de diapos ou de planches). Le terme \u00ab&nbsp;slide&nbsp;\u00bb fait r\u00e9f\u00e9rence au projecteur de diapositives (\u00ab&nbsp;slide projector&nbsp;\u00bb en Anglais), un appareil d&rsquo;une certaine fa\u00e7on&nbsp;obsol\u00e8te&nbsp;\u00e0 cause de l&rsquo;usage de PowerPoint et des logiciels de pr\u00e9sentation. Les pages peuvent \u00eatre imprim\u00e9es, ou (plus couramment) projet\u00e9es sur un \u00e9cran et parcourues par commande du pr\u00e9sentateur.<\/p>\n\n\n\n<p>PowerPoint fournit trois types de mouvement. Apparition, agrandissement et disparition d&rsquo;\u00e9l\u00e9ments d&rsquo;un slide sont contr\u00f4l\u00e9s par ce que PowerPoint appelle Custom Animation (Animation personnalis\u00e9e). Les transitions, quant \u00e0 elles, sont des animations entre les diapos. Elles peuvent \u00eatre anim\u00e9es de nombreuses mani\u00e8res. L&rsquo;animation personnalis\u00e9e peut \u00eatre utilis\u00e9e pour cr\u00e9er de petits story-boards en animant l&rsquo;apparition, le mouvement ou la disparition des images; des voix enregistr\u00e9es ou des \u00ab&nbsp;bulles&nbsp;\u00bb peuvent \u00eatre ajout\u00e9es et enlev\u00e9es pour cr\u00e9er un dialogue. Le design global d&rsquo;une pr\u00e9sentation peut \u00eatre contr\u00f4l\u00e9 \u00e0 partir d&rsquo;une feuille de style. La structure g\u00e9n\u00e9rale, \u00e9tendue sur chaque diapo, peut \u00eatre \u00e9dit\u00e9e en utilisant un simple outliner.<\/p>\n\n\n\n<p>Les pr\u00e9sentations peuvent \u00eatre sauvegard\u00e9es et ex\u00e9cut\u00e9es dans les&nbsp;formats de fichier&nbsp;suivants&nbsp;: .ppt (pr\u00e9sentation; format par d\u00e9faut), .pps (PowerPoint Show) ou .pot (mod\u00e8le). Dans PowerPoint 2007 et la version 2008 pour Mac OS X, de nouveaux formats utilisant la technologie Open-XML ont \u00e9t\u00e9 introduits&nbsp;: .pptx, .ppsx et .potx.<\/p>\n<\/div>\n<\/div><\/div>\n\n\n\n<p class=\"ticss-aa2203ba\"><\/p>\n\n\n\n<h2 class=\"wp-block-heading has-text-align-center ticss-67d08b32\">Acceptez les modifications<\/h2>\n\n\n\n<p class=\"ticss-d4bd7b72\">Apr\u00e8s avoir ajout\u00e9 tous les \u00e9l\u00e9ments sur la slide, la question est comment faire votre PPT plus organis\u00e9. Alors, les param\u00e8tres de quadrillage peuvent vous aider maintenant.<\/p>\n\n\n\n<p class=\"ticss-6076382b\">Cliquez sur \u00ab Affichage \u00bb &gt; cochez \u00ab R\u00e8gle \u00bb, \u00ab Quadrillage \u00bb, et \u00ab Rep\u00e8res \u00bb. Il affichera des quadrillages sur votre diaporama. Ensuite, vous pouvez ajuster et d\u00e9placer les \u00e9l\u00e9ments dans l&rsquo;endroit adapt\u00e9. Et les gridlines ne peuvent pas \u00eatre affich\u00e9s dans la lecture en plein d&rsquo;\u00e9cran<\/p>\n\n\n\n<div style=\"height:50px\" aria-hidden=\"true\" class=\"wp-block-spacer\"><\/div>\n\n\n\n<div class=\"wp-block-group alignfull has-background-color ticss-b6d689f7 has-neve-link-color-background-color has-background has-link-color has-medium-font-size wp-elements-144723183ce5420a6c5303a66ea4297c\" style=\"min-height:40vh;margin-top:0;margin-bottom:0;padding-top:var(--wp--preset--spacing--60);padding-right:var(--wp--preset--spacing--40);padding-bottom:var(--wp--preset--spacing--60);padding-left:var(--wp--preset--spacing--40)\"><div class=\"wp-block-group__inner-container is-layout-constrained wp-container-core-group-is-layout-27c39f3e wp-block-group-is-layout-constrained\">\n<div class=\"wp-block-columns alignwide has-small-font-size is-layout-flex wp-container-core-columns-is-layout-9d6595d7 wp-block-columns-is-layout-flex\">\n<div class=\"wp-block-column ticss-37c2d156 is-layout-flow wp-block-column-is-layout-flow\">\n<p class=\"has-text-align-center has-medium-font-size\">1969 route royale<\/p>\n\n\n\n<p class=\"has-text-align-center has-nv-site-bg-color has-text-color has-large-font-size\">FACPLUS<\/p>\n\n\n\n<p class=\"has-text-align-center has-medium-font-size\">73190 Challes les eaux<\/p>\n\n\n\n<p class=\"has-text-align-center has-nv-site-bg-color has-text-color has-medium-font-size\">Ouverture au public<\/p>\n\n\n\n<p class=\"has-text-align-center has-medium-font-size\">Lundi au vendredi : 9:00 &#8211; 12:00 et 14:00 &#8211; 18:00<\/p>\n\n\n\n<p class=\"has-text-align-center has-medium-font-size\">Lundi matin, vendredi am, samedi matin sur RDV<\/p>\n<\/div>\n\n\n\n<div class=\"wp-block-column ticss-ef63ceff is-layout-flow wp-block-column-is-layout-flow\"><nav class=\"has-text-color has-nv-site-bg-color has-medium-font-size items-justified-center is-vertical wp-block-navigation is-content-justification-center is-layout-flex wp-container-core-navigation-is-layout-9a7cdcfd wp-block-navigation-is-layout-flex\" aria-label=\"web-agency-gb-main-menu\"><ul class=\"wp-block-navigation__container has-text-color has-nv-site-bg-color has-medium-font-size items-justified-center is-vertical wp-block-navigation has-medium-font-size\"><li class=\"has-medium-font-size wp-block-navigation-item menu-item menu-item-type-post_type menu-item-object-page menu-item-home ticss-a9e52769 wp-block-navigation-link\"><a class=\"wp-block-navigation-item__content\"  href=\"http:\/\/www.pc73.net\/wpfacplus\/\" title=\"\"><span class=\"wp-block-navigation-item__label\">Accueil<\/span><\/a><\/li><li class=\"has-medium-font-size wp-block-navigation-item menu-item menu-item-type-post_type wp-block-navigation-link\"><a class=\"wp-block-navigation-item__content\"  href=\"http:\/\/www.pc73.net\/wpfacplus\/historique\/\" title=\"\"><span class=\"wp-block-navigation-item__label\">A propos de nous<\/span><\/a><\/li><li class=\"has-medium-font-size wp-block-navigation-item wp-block-navigation-link\"><a class=\"wp-block-navigation-item__content\"  href=\"https:\/\/goo.gl\/maps\/g7nTJkBkCCo\" target=\"_blank\"   title=\"\"><span class=\"wp-block-navigation-item__label\">Nous situer<\/span><span class=\"wp-block-navigation-item__description\">Situation g\u00e9ographique FACPLUS<\/span><\/a><\/li><li class=\"has-medium-font-size wp-block-navigation-item  menu-item menu-item-type-post_type menu-item-object-page wp-block-navigation-link\"><a class=\"wp-block-navigation-item__content\"  href=\"http:\/\/www.pc73.net\/wpfacplus\/contact\/\" title=\"\"><span class=\"wp-block-navigation-item__label\">Contactez nous<\/span><\/a><\/li><li class=\"wp-block-navigation-item\"><div class=\"is-default-size is-style-default wp-block-site-logo\"><a href=\"http:\/\/www.pc73.net\/wpfacplus\/\" class=\"custom-logo-link\" rel=\"home\"><img loading=\"lazy\" decoding=\"async\" width=\"367\" height=\"376\" src=\"http:\/\/www.pc73.net\/wpfacplus\/wp-content\/uploads\/2023\/09\/logo-fac1-min.png\" class=\"custom-logo\" alt=\"FacPlus\" srcset=\"http:\/\/www.pc73.net\/wpfacplus\/wp-content\/uploads\/2023\/09\/logo-fac1-min.png 367w, http:\/\/www.pc73.net\/wpfacplus\/wp-content\/uploads\/2023\/09\/logo-fac1-min-293x300.png 293w\" sizes=\"auto, (max-width: 367px) 100vw, 367px\" \/><\/a><\/div><\/li><\/ul><\/nav><\/div>\n\n\n\n<div class=\"wp-block-column is-layout-flow wp-block-column-is-layout-flow\">\n<p class=\"has-text-align-center has-medium-font-size\">Suivez-nous<\/p>\n\n\n\n<div class=\"wp-block-group is-vertical is-content-justification-center is-layout-flex wp-container-core-group-is-layout-bdd043ae wp-block-group-is-layout-flex\">\n<p class=\"has-medium-font-size\"><a href=\"https:\/\/www.facebook.com\/FACPLUS.FR\/\" target=\"_blank\" rel=\"noreferrer noopener\">Facebook<\/a><\/p>\n\n\n\n<p class=\"has-medium-font-size\"><a href=\"https:\/\/www.linkedin.com\/in\/fac-plus\/\" target=\"_blank\" rel=\"noreferrer noopener\">Linkedin<\/a><\/p>\n\n\n\n<p><\/p>\n<\/div>\n\n\n\n<div style=\"height:24px\" aria-hidden=\"true\" class=\"wp-block-spacer\"><\/div>\n<\/div>\n<\/div>\n\n\n\n<div class=\"wp-block-group alignwide is-content-justification-center is-layout-flex wp-container-core-group-is-layout-5590e8cb wp-block-group-is-layout-flex\">\n<p class=\"has-text-align-center has-small-font-size\"> D\u00e9velopp\u00e9 par <mark style=\"background-color:rgba(0, 0, 0, 0)\" class=\"has-inline-color has-nv-site-bg-color\">FACPLUS<\/mark><\/p>\n<\/div>\n<\/div><\/div>\n","protected":false},"excerpt":{"rendered":"<p>Formations Microsoft PowerPoint Acceptez les modifications Apr\u00e8s avoir ajout\u00e9 tous les \u00e9l\u00e9ments sur la slide, la question est comment faire votre PPT plus organis\u00e9. Alors, les param\u00e8tres de quadrillage peuvent vous aider maintenant. Cliquez sur \u00ab Affichage \u00bb &gt; cochez \u00ab R\u00e8gle \u00bb, \u00ab Quadrillage \u00bb, et \u00ab Rep\u00e8res \u00bb. Il affichera des quadrillages sur&hellip;&nbsp;<a href=\"http:\/\/www.pc73.net\/wpfacplus\/powerpoint\/\" class=\"\" rel=\"bookmark\">Lire la suite &raquo;<span class=\"screen-reader-text\">Powerpoint<\/span><\/a><\/p>\n","protected":false},"author":2,"featured_media":0,"parent":0,"menu_order":0,"comment_status":"closed","ping_status":"closed","template":"","meta":{"neve_meta_sidebar":"","neve_meta_container":"full-width","neve_meta_enable_content_width":"","neve_meta_content_width":0,"neve_meta_title_alignment":"","neve_meta_author_avatar":"","neve_post_elements_order":"","neve_meta_disable_header":"","neve_meta_disable_footer":"on","neve_meta_disable_title":"on","neve_meta_reading_time":"","_themeisle_gutenberg_block_has_review":false,"_ti_tpc_template_sync":false,"_ti_tpc_template_id":"","footnotes":""},"class_list":["post-1113","page","type-page","status-publish","hentry"],"_links":{"self":[{"href":"http:\/\/www.pc73.net\/wpfacplus\/wp-json\/wp\/v2\/pages\/1113","targetHints":{"allow":["GET"]}}],"collection":[{"href":"http:\/\/www.pc73.net\/wpfacplus\/wp-json\/wp\/v2\/pages"}],"about":[{"href":"http:\/\/www.pc73.net\/wpfacplus\/wp-json\/wp\/v2\/types\/page"}],"author":[{"embeddable":true,"href":"http:\/\/www.pc73.net\/wpfacplus\/wp-json\/wp\/v2\/users\/2"}],"replies":[{"embeddable":true,"href":"http:\/\/www.pc73.net\/wpfacplus\/wp-json\/wp\/v2\/comments?post=1113"}],"version-history":[{"count":20,"href":"http:\/\/www.pc73.net\/wpfacplus\/wp-json\/wp\/v2\/pages\/1113\/revisions"}],"predecessor-version":[{"id":2181,"href":"http:\/\/www.pc73.net\/wpfacplus\/wp-json\/wp\/v2\/pages\/1113\/revisions\/2181"}],"wp:attachment":[{"href":"http:\/\/www.pc73.net\/wpfacplus\/wp-json\/wp\/v2\/media?parent=1113"}],"curies":[{"name":"wp","href":"https:\/\/api.w.org\/{rel}","templated":true}]}}