{"id":1115,"date":"2023-08-30T15:37:40","date_gmt":"2023-08-30T13:37:40","guid":{"rendered":"http:\/\/www.pc73.net\/wpfacplus\/?page_id=1115"},"modified":"2023-09-26T17:20:38","modified_gmt":"2023-09-26T15:20:38","slug":"outlook","status":"publish","type":"page","link":"http:\/\/www.pc73.net\/wpfacplus\/outlook\/","title":{"rendered":"Outlook"},"content":{"rendered":"\n<div class=\"wp-block-cover is-light ticss-0b91d0f9\"><span aria-hidden=\"true\" class=\"wp-block-cover__background has-background-dim\"><\/span><img loading=\"lazy\" decoding=\"async\" width=\"1382\" height=\"922\" class=\"wp-block-cover__image-background wp-image-1678\" alt=\"\" src=\"http:\/\/www.pc73.net\/wpfacplus\/wp-content\/uploads\/2023\/09\/outlook-min.jpg\" style=\"object-position:3% 57%\" data-object-fit=\"cover\" data-object-position=\"3% 57%\" srcset=\"http:\/\/www.pc73.net\/wpfacplus\/wp-content\/uploads\/2023\/09\/outlook-min.jpg 1382w, http:\/\/www.pc73.net\/wpfacplus\/wp-content\/uploads\/2023\/09\/outlook-min-300x200.jpg 300w, http:\/\/www.pc73.net\/wpfacplus\/wp-content\/uploads\/2023\/09\/outlook-min-1024x683.jpg 1024w, http:\/\/www.pc73.net\/wpfacplus\/wp-content\/uploads\/2023\/09\/outlook-min-768x512.jpg 768w, http:\/\/www.pc73.net\/wpfacplus\/wp-content\/uploads\/2023\/09\/outlook-min-930x620.jpg 930w\" sizes=\"auto, (max-width: 1382px) 100vw, 1382px\" \/><div class=\"wp-block-cover__inner-container is-layout-constrained wp-block-cover-is-layout-constrained\">\n<p class=\"has-text-align-center has-large-font-size\"><\/p>\n<\/div><\/div>\n\n\n\n<h2 class=\"wp-block-heading has-text-align-center has-neve-link-color-color has-text-color\">Formations Microsoft Outlook<\/h2>\n\n\n\n<div id=\"wp-block-themeisle-blocks-advanced-columns-7cad253c\" class=\"wp-block-themeisle-blocks-advanced-columns has-2-columns has-desktop-oneTwo-layout has-tablet-equal-layout has-mobile-collapsedRows-layout has-vertical-unset\"><div class=\"wp-block-themeisle-blocks-advanced-columns-overlay\"><\/div><div class=\"innerblocks-wrap\">\n<div id=\"wp-block-themeisle-blocks-advanced-column-ae23aaef\" class=\"wp-block-themeisle-blocks-advanced-column\">\n<div id=\"wp-block-themeisle-blocks-tabs-43e51b89\" class=\"wp-block-themeisle-blocks-tabs animated backInLeft is-align-left\"><div class=\"wp-block-themeisle-blocks-tabs__content\">\n<div data-title=\"Outlook NIV 0-1\" class=\"wp-block-themeisle-blocks-tabs-item\"><div class=\"wp-block-themeisle-blocks-tabs-item__header\" tabindex=\"0\">Outlook NIV 0-1<\/div><div class=\"wp-block-themeisle-blocks-tabs-item__content\">\n<p>D\u00e9couvrez l\u2019environnement Windows, le maniement des fen\u00eatres, le clavier, la souris et l\u2019explorateur de fichiers. D\u00e9couvrez et apprenez l\u2019environnement du logiciel Outlook, la messagerie, le calendrier et les t\u00e2ches, la gestion des contacts. Vous serez capables d&rsquo;envoyer un e-mail avec mise en forme, de cr\u00e9er un rendez-vous dans votre calendrier, de r\u00e9pondre \u00e0 une invitation \u00e0 une r\u00e9union, de cr\u00e9er ou supprimer des contacts.<\/p>\n\n\n\n<h4 class=\"wp-block-heading has-text-align-center\">Dur\u00e9e : <mark style=\"background-color:rgba(0, 0, 0, 0)\" class=\"has-inline-color has-neve-link-color-color\">18H<\/mark> Tarif : <mark style=\"background-color:rgba(0, 0, 0, 0)\" class=\"has-inline-color has-neve-link-color-color\">1512\u20ac TTC<\/mark><\/h4>\n\n\n\n<h3 class=\"wp-block-heading has-text-align-center has-neve-link-color-color has-text-color\">Formation dispens\u00e9e en pr\u00e9sentiel, classe virtuelle ou mixte e-learning<\/h3>\n\n\n\n<h4 class=\"wp-block-heading has-text-align-center\">Modulable pour la dur\u00e9e et le tarif selon vos besoins<\/h4>\n\n\n\n<h4 class=\"wp-block-heading has-text-align-center has-neve-link-color-color has-text-color\"><a href=\"http:\/\/www.pc73.net\/wpfacplus\/sinscrire\/\" data-type=\"page\" data-id=\"1068\">Inscription hors <strong><mark style=\"background-color:rgba(0, 0, 0, 0)\" class=\"has-inline-color has-neve-text-color-color\">CPF<\/mark><\/strong> &#8211; Comment s&rsquo;inscrire ?<\/a><\/h4>\n\n\n\n<div class=\"wp-block-buttons is-content-justification-left is-nowrap is-layout-flex wp-container-core-buttons-is-layout-6447b855 wp-block-buttons-is-layout-flex\">\n<div class=\"wp-block-button has-custom-width wp-block-button__width-50 is-style-primary\"><a class=\"wp-block-button__link wp-element-button\" href=\"https:\/\/docs.google.com\/forms\/d\/e\/1FAIpQLSd_HfA2xGKe5TTU9YIoxyIu1cPGy2zB1aOogtsBpgMN-jXj6Q\/viewform\" style=\"border-radius:20px\" target=\"_blank\" rel=\"noreferrer noopener\">TEST DE NIVEAU<\/a><\/div>\n\n\n\n<div class=\"wp-block-button has-custom-width wp-block-button__width-50 is-style-default\"><a class=\"wp-block-button__link wp-element-button\" href=\"https:\/\/www.moncompteformation.gouv.fr\/espace-prive\/html\/#\/formation\/recherche\/83807710500024_WO-TNiv0-1-6198\/83807710500024_WO-TNiv0-1\" style=\"border-radius:20px\" target=\"_blank\" rel=\"noreferrer noopener\">S\u2019INSCRIRE SUR MCF <\/a><\/div>\n<\/div>\n\n\n\n<p class=\"has-text-align-center has-small-font-size\">*<mark style=\"background-color:rgba(0, 0, 0, 0)\" class=\"has-inline-color has-neve-link-color-color\"><strong>MCF<\/strong><\/mark> &#8211; Mon compte personnel de formation<\/p>\n\n\n<div class=\"wp-block-image is-style-default ticss-639b7030\">\n<figure class=\"aligncenter size-full is-resized\" id=\"wp-block-themeisle-blocks-image-cedc8294\"><a href=\"http:\/\/www.pc73.net\/wpfacplus\/wp-content\/uploads\/2023\/09\/CPF-OU-TNiv0-1-TOSA-Intro-Wd-et-Niveau-I-initial-et-basique-V1-2022-04-24.pdf\" target=\"_blank\" rel=\"noreferrer noopener\"><img loading=\"lazy\" decoding=\"async\" src=\"http:\/\/www.pc73.net\/wpfacplus\/wp-content\/uploads\/2023\/09\/logo-acrobat-min-1.png\" alt=\"\" class=\"wp-image-1611\" style=\"object-fit:contain;width:50px;height:84px\" width=\"50\" height=\"84\"\/><\/a><\/figure>\n<\/div>\n\n\n<h5 class=\"wp-block-heading has-text-align-center has-neve-link-color-color has-text-color\">T\u00e9l\u00e9chargement du programme de formation<\/h5>\n<\/div><\/div>\n\n\n\n<div data-title=\"Outlook NIV 1-2\" class=\"wp-block-themeisle-blocks-tabs-item\"><div class=\"wp-block-themeisle-blocks-tabs-item__header\" tabindex=\"0\">Outlook NIV 1-2<\/div><div class=\"wp-block-themeisle-blocks-tabs-item__content\">\n<p>D\u00e9couvrez et apprenez l\u2019environnement du logiciel Outlook, la messagerie, le calendrier et les t\u00e2ches, la gestion des contacts. Cr\u00e9er votre compte, configurez votre espace et des options telles que le gestionnaire d&rsquo;absence, la programmation d&rsquo;envoi d\u2019e-mail. G\u00e9rez vos signatures, vos r\u00e8gles et alertes. Jonglez avec vos rendez-vous, vos contacts, t\u00e2ches et notes et leurs options avanc\u00e9es. Vous serez capables d&rsquo;optimiser l&rsquo;utilisation d&rsquo;Outlook en personnalisant l&rsquo;environnement et ses options.<\/p>\n\n\n\n<h4 class=\"wp-block-heading has-text-align-center\">Dur\u00e9e : <mark style=\"background-color:rgba(0, 0, 0, 0)\" class=\"has-inline-color has-neve-link-color-color\">21H<\/mark> Tarif : <mark style=\"background-color:rgba(0, 0, 0, 0)\" class=\"has-inline-color has-neve-link-color-color\">1764\u20ac TTC<\/mark><\/h4>\n\n\n\n<h3 class=\"wp-block-heading has-text-align-center has-neve-link-color-color has-text-color\">Formation dispens\u00e9e en pr\u00e9sentiel, classe virtuelle ou mixte e-learning<\/h3>\n\n\n\n<h4 class=\"wp-block-heading has-text-align-center\">Modulable pour la dur\u00e9e et le tarif selon vos besoins<\/h4>\n\n\n\n<h4 class=\"wp-block-heading has-text-align-center has-neve-link-color-color has-text-color\"><a href=\"http:\/\/www.pc73.net\/wpfacplus\/sinscrire\/\" data-type=\"page\" data-id=\"1068\">Inscription hors <strong><mark style=\"background-color:rgba(0, 0, 0, 0)\" class=\"has-inline-color has-neve-text-color-color\">CPF<\/mark><\/strong> &#8211; Comment s&rsquo;inscrire ?<\/a><\/h4>\n\n\n\n<div class=\"wp-block-buttons is-content-justification-left is-nowrap is-layout-flex wp-container-core-buttons-is-layout-6447b855 wp-block-buttons-is-layout-flex\">\n<div class=\"wp-block-button has-custom-width wp-block-button__width-50 is-style-primary\"><a class=\"wp-block-button__link wp-element-button\" href=\"https:\/\/docs.google.com\/forms\/d\/e\/1FAIpQLSd_HfA2xGKe5TTU9YIoxyIu1cPGy2zB1aOogtsBpgMN-jXj6Q\/viewform\" style=\"border-radius:20px\" target=\"_blank\" rel=\"noreferrer noopener\">TEST DE NIVEAU<\/a><\/div>\n\n\n\n<div class=\"wp-block-button has-custom-width wp-block-button__width-50 is-style-default\"><a class=\"wp-block-button__link wp-element-button\" href=\"https:\/\/www.moncompteformation.gouv.fr\/espace-prive\/html\/#\/formation\/recherche\/83807710500024_WO-TNiv0-2-6198\/83807710500024_WO-TNiv0-2\" style=\"border-radius:20px\" target=\"_blank\" rel=\"noreferrer noopener\">S\u2019INSCRIRE SUR MCF<\/a><\/div>\n<\/div>\n\n\n\n<p class=\"has-text-align-center has-small-font-size\">*<mark style=\"background-color:rgba(0, 0, 0, 0)\" class=\"has-inline-color has-neve-link-color-color\"><strong>MCF<\/strong><\/mark> &#8211; Mon compte personnel de formation<\/p>\n\n\n<div class=\"wp-block-image is-style-default ticss-796a0eef\">\n<figure class=\"aligncenter size-full is-resized\" id=\"wp-block-themeisle-blocks-image-c1f78c7c\"><a href=\"http:\/\/www.pc73.net\/wpfacplus\/wp-content\/uploads\/2023\/09\/CPF-OU-TNiv1-2-TOSA-Niveau-1_2-Initial-a-Avance-V1-2022-04-24.pdf\" target=\"_blank\" rel=\"noreferrer noopener\"><img loading=\"lazy\" decoding=\"async\" src=\"http:\/\/www.pc73.net\/wpfacplus\/wp-content\/uploads\/2023\/09\/logo-acrobat-min-1.png\" alt=\"\" class=\"wp-image-1611\" style=\"object-fit:contain;width:50px;height:84px\" width=\"50\" height=\"84\"\/><\/a><\/figure>\n<\/div>\n\n\n<h5 class=\"wp-block-heading has-text-align-center has-neve-link-color-color has-text-color\">T\u00e9l\u00e9chargement du programme de formation<\/h5>\n<\/div><\/div>\n<\/div><\/div>\n<\/div>\n\n\n\n<div id=\"wp-block-themeisle-blocks-advanced-column-041d363d\" class=\"wp-block-themeisle-blocks-advanced-column ticss-4dd2ac33\">\n<h2 class=\"wp-block-heading has-text-align-center has-neve-text-color-color has-text-color\"> Outlook &#8211; La messagerie microsoft<\/h2>\n\n\n\n<p>Microsoft Outlook (officiellement Microsoft Office Outlook) est un gestionnaire d&rsquo;informations personnelles et un client de courrier \u00e9lectronique propri\u00e9taire \u00e9dit\u00e9 par Microsoft. Il fait partie de la suite bureautique Microsoft Office.<\/p>\n\n\n\n<p>Bien qu&rsquo;il soit principalement utilis\u00e9 en tant qu&rsquo;application de courrier \u00e9lectronique, il propose aussi un calendrier et un gestionnaire de t\u00e2che et de contact.<\/p>\n\n\n\n<p>Il peut \u00eatre utilis\u00e9 de mani\u00e8re autonome, mais il a aussi la possibilit\u00e9 de fonctionner conjointement \u00e0 Microsoft Exchange Server pour fournir des fonctions \u00e9tendues pour une utilisation multi-utilisateurs dans une organisation, telles que le partage des bo\u00eetes de courriels, des calendriers et des emplois du temps des r\u00e9unions.<\/p>\n\n\n\n<p>La nouvelle version d\u2019Outlook pour Windows int\u00e8gre les derni\u00e8res fonctionnalit\u00e9s, les fonctionnalit\u00e9s assist\u00e9es intelligentes et une nouvelle conception moderne et simplifi\u00e9e \u00e0 votre application Outlook. Vous pouvez l\u2019adapter \u00e0 votre style et en faire plus avec la nouvelle version d\u2019Outlook pour Windows !<\/p>\n\n\n\n<p class=\"has-neve-link-color-color has-text-color\">La derni\u00e8re version offre de nouvelles fonctionnalit\u00e9s tels que :<\/p>\n\n\n\n<p>Affichage des horaires et lieux de travail<\/p>\n\n\n\n<p>Acc\u00e8s simplifi\u00e9 au r\u00e9capitulatif de r\u00e9union&#8230;<\/p>\n\n\n\n<p>R\u00e9actions aux messages&#8230;<\/p>\n\n\n\n<p>Suggestions contextuelles pour les e-mails<\/p>\n\n\n\n<div style=\"height:50px\" aria-hidden=\"true\" class=\"wp-block-spacer\"><\/div>\n<\/div>\n<\/div><\/div>\n\n\n\n<h2 class=\"wp-block-heading has-text-align-center ticss-7c23d394\">Les contacts<\/h2>\n\n\n\n<p class=\"ticss-aa2203ba\">Dans le ruban accueil, cliquez sur Nouveaux \u00e9l\u00e9ments &gt; Autres \u00e9l\u00e9ments &gt; Groupe de contacts puis ensuite, libre \u00e0 vous de mettre qui vous voulez dedans. Votre service, vos coll\u00e8gues qui aiment d\u00e9jeuner au restaurant, ou juste vos boss, donnez-lui un nom, et voil\u00e0 vous gagner un peu de temps.<\/p>\n\n\n\n<h2 class=\"wp-block-heading has-text-align-center ticss-67d08b32\">L&rsquo;agenda<\/h2>\n\n\n\n<p class=\"ticss-bc69e71e\">Afin d\u2019avoir tous vos \u00e9v\u00e9nements sous les yeux sans jongler entre les applications vous pouvez int\u00e9grer votre agenda Gmail \u00e0 Outlook. Allez dans votre agenda Gmail : Mes agendas &gt; Votre agenda &gt; Param\u00e8tre de cet agenda. Copiez alors l\u2019adresse URL Ical. Rendez-vous dans votre agenda Outlook : Fichier &gt; Param\u00e8tres du compte &gt; Calendrier Internet &gt; Nouveau. Et vous n\u2019avez plus qu\u2019\u00e0 coller l\u2019URL.<\/p>\n\n\n\n<div style=\"height:50px\" aria-hidden=\"true\" class=\"wp-block-spacer\"><\/div>\n\n\n\n<div class=\"wp-block-group alignfull has-background-color ticss-b6d689f7 has-neve-link-color-background-color has-background has-link-color has-medium-font-size wp-elements-144723183ce5420a6c5303a66ea4297c\" style=\"min-height:40vh;margin-top:0;margin-bottom:0;padding-top:var(--wp--preset--spacing--60);padding-right:var(--wp--preset--spacing--40);padding-bottom:var(--wp--preset--spacing--60);padding-left:var(--wp--preset--spacing--40)\"><div class=\"wp-block-group__inner-container is-layout-constrained wp-container-core-group-is-layout-27c39f3e wp-block-group-is-layout-constrained\">\n<div class=\"wp-block-columns alignwide has-small-font-size is-layout-flex wp-container-core-columns-is-layout-9d6595d7 wp-block-columns-is-layout-flex\">\n<div class=\"wp-block-column ticss-37c2d156 is-layout-flow wp-block-column-is-layout-flow\">\n<p class=\"has-text-align-center has-medium-font-size\">1969 route royale<\/p>\n\n\n\n<p class=\"has-text-align-center has-nv-site-bg-color has-text-color has-large-font-size\">FACPLUS<\/p>\n\n\n\n<p class=\"has-text-align-center has-medium-font-size\">73190 Challes les eaux<\/p>\n\n\n\n<p class=\"has-text-align-center has-nv-site-bg-color has-text-color has-medium-font-size\">Ouverture au public<\/p>\n\n\n\n<p class=\"has-text-align-center has-medium-font-size\">Lundi au vendredi : 9:00 &#8211; 12:00 et 14:00 &#8211; 18:00<\/p>\n\n\n\n<p class=\"has-text-align-center has-medium-font-size\">Lundi matin, vendredi am, samedi matin sur RDV<\/p>\n<\/div>\n\n\n\n<div class=\"wp-block-column ticss-ef63ceff is-layout-flow wp-block-column-is-layout-flow\"><nav class=\"has-text-color has-nv-site-bg-color has-medium-font-size items-justified-center is-vertical wp-block-navigation is-content-justification-center is-layout-flex wp-container-core-navigation-is-layout-9a7cdcfd wp-block-navigation-is-layout-flex\" aria-label=\"web-agency-gb-main-menu\"><ul class=\"wp-block-navigation__container has-text-color has-nv-site-bg-color has-medium-font-size items-justified-center is-vertical wp-block-navigation has-medium-font-size\"><li class=\"has-medium-font-size wp-block-navigation-item menu-item menu-item-type-post_type menu-item-object-page menu-item-home ticss-a9e52769 wp-block-navigation-link\"><a class=\"wp-block-navigation-item__content\"  href=\"http:\/\/www.pc73.net\/wpfacplus\/\" title=\"\"><span class=\"wp-block-navigation-item__label\">Accueil<\/span><\/a><\/li><li class=\"has-medium-font-size wp-block-navigation-item menu-item menu-item-type-post_type wp-block-navigation-link\"><a class=\"wp-block-navigation-item__content\"  href=\"http:\/\/www.pc73.net\/wpfacplus\/historique\/\" title=\"\"><span class=\"wp-block-navigation-item__label\">A propos de nous<\/span><\/a><\/li><li class=\"has-medium-font-size wp-block-navigation-item wp-block-navigation-link\"><a class=\"wp-block-navigation-item__content\"  href=\"https:\/\/goo.gl\/maps\/g7nTJkBkCCo\" target=\"_blank\"   title=\"\"><span class=\"wp-block-navigation-item__label\">Nous situer<\/span><span class=\"wp-block-navigation-item__description\">Situation g\u00e9ographique FACPLUS<\/span><\/a><\/li><li class=\"has-medium-font-size wp-block-navigation-item  menu-item menu-item-type-post_type menu-item-object-page wp-block-navigation-link\"><a class=\"wp-block-navigation-item__content\"  href=\"http:\/\/www.pc73.net\/wpfacplus\/contact\/\" title=\"\"><span class=\"wp-block-navigation-item__label\">Contactez nous<\/span><\/a><\/li><li class=\"wp-block-navigation-item\"><div class=\"is-default-size is-style-default wp-block-site-logo\"><a href=\"http:\/\/www.pc73.net\/wpfacplus\/\" class=\"custom-logo-link\" rel=\"home\"><img loading=\"lazy\" decoding=\"async\" width=\"367\" height=\"376\" src=\"http:\/\/www.pc73.net\/wpfacplus\/wp-content\/uploads\/2023\/09\/logo-fac1-min.png\" class=\"custom-logo\" alt=\"FacPlus\" srcset=\"http:\/\/www.pc73.net\/wpfacplus\/wp-content\/uploads\/2023\/09\/logo-fac1-min.png 367w, http:\/\/www.pc73.net\/wpfacplus\/wp-content\/uploads\/2023\/09\/logo-fac1-min-293x300.png 293w\" sizes=\"auto, (max-width: 367px) 100vw, 367px\" \/><\/a><\/div><\/li><\/ul><\/nav><\/div>\n\n\n\n<div class=\"wp-block-column is-layout-flow wp-block-column-is-layout-flow\">\n<p class=\"has-text-align-center has-medium-font-size\">Suivez-nous<\/p>\n\n\n\n<div class=\"wp-block-group is-vertical is-content-justification-center is-layout-flex wp-container-core-group-is-layout-bdd043ae wp-block-group-is-layout-flex\">\n<p class=\"has-medium-font-size\"><a href=\"https:\/\/www.facebook.com\/FACPLUS.FR\/\" target=\"_blank\" rel=\"noreferrer noopener\">Facebook<\/a><\/p>\n\n\n\n<p class=\"has-medium-font-size\"><a href=\"https:\/\/www.linkedin.com\/in\/fac-plus\/\" target=\"_blank\" rel=\"noreferrer noopener\">Linkedin<\/a><\/p>\n\n\n\n<p><\/p>\n<\/div>\n\n\n\n<div style=\"height:24px\" aria-hidden=\"true\" class=\"wp-block-spacer\"><\/div>\n<\/div>\n<\/div>\n\n\n\n<div class=\"wp-block-group alignwide is-content-justification-center is-layout-flex wp-container-core-group-is-layout-5590e8cb wp-block-group-is-layout-flex\">\n<p class=\"has-text-align-center has-small-font-size\"> D\u00e9velopp\u00e9 par <mark style=\"background-color:rgba(0, 0, 0, 0)\" class=\"has-inline-color has-nv-site-bg-color\">FACPLUS<\/mark><\/p>\n<\/div>\n<\/div><\/div>\n","protected":false},"excerpt":{"rendered":"<p>Formations Microsoft Outlook Les contacts Dans le ruban accueil, cliquez sur Nouveaux \u00e9l\u00e9ments &gt; Autres \u00e9l\u00e9ments &gt; Groupe de contacts puis ensuite, libre \u00e0 vous de mettre qui vous voulez dedans. Votre service, vos coll\u00e8gues qui aiment d\u00e9jeuner au restaurant, ou juste vos boss, donnez-lui un nom, et voil\u00e0 vous gagner un peu de temps.&hellip;&nbsp;<a href=\"http:\/\/www.pc73.net\/wpfacplus\/outlook\/\" class=\"\" rel=\"bookmark\">Lire la suite &raquo;<span class=\"screen-reader-text\">Outlook<\/span><\/a><\/p>\n","protected":false},"author":2,"featured_media":0,"parent":0,"menu_order":0,"comment_status":"closed","ping_status":"closed","template":"","meta":{"neve_meta_sidebar":"","neve_meta_container":"full-width","neve_meta_enable_content_width":"","neve_meta_content_width":0,"neve_meta_title_alignment":"","neve_meta_author_avatar":"","neve_post_elements_order":"","neve_meta_disable_header":"","neve_meta_disable_footer":"on","neve_meta_disable_title":"on","neve_meta_reading_time":"","_themeisle_gutenberg_block_has_review":false,"_ti_tpc_template_sync":false,"_ti_tpc_template_id":"","footnotes":""},"class_list":["post-1115","page","type-page","status-publish","hentry"],"_links":{"self":[{"href":"http:\/\/www.pc73.net\/wpfacplus\/wp-json\/wp\/v2\/pages\/1115","targetHints":{"allow":["GET"]}}],"collection":[{"href":"http:\/\/www.pc73.net\/wpfacplus\/wp-json\/wp\/v2\/pages"}],"about":[{"href":"http:\/\/www.pc73.net\/wpfacplus\/wp-json\/wp\/v2\/types\/page"}],"author":[{"embeddable":true,"href":"http:\/\/www.pc73.net\/wpfacplus\/wp-json\/wp\/v2\/users\/2"}],"replies":[{"embeddable":true,"href":"http:\/\/www.pc73.net\/wpfacplus\/wp-json\/wp\/v2\/comments?post=1115"}],"version-history":[{"count":16,"href":"http:\/\/www.pc73.net\/wpfacplus\/wp-json\/wp\/v2\/pages\/1115\/revisions"}],"predecessor-version":[{"id":2180,"href":"http:\/\/www.pc73.net\/wpfacplus\/wp-json\/wp\/v2\/pages\/1115\/revisions\/2180"}],"wp:attachment":[{"href":"http:\/\/www.pc73.net\/wpfacplus\/wp-json\/wp\/v2\/media?parent=1115"}],"curies":[{"name":"wp","href":"https:\/\/api.w.org\/{rel}","templated":true}]}}