{"id":2111,"date":"2023-09-26T11:23:40","date_gmt":"2023-09-26T09:23:40","guid":{"rendered":"http:\/\/www.pc73.net\/wpfacplus\/?page_id=2111"},"modified":"2023-09-26T11:53:55","modified_gmt":"2023-09-26T09:53:55","slug":"qualiopi","status":"publish","type":"page","link":"http:\/\/www.pc73.net\/wpfacplus\/qualiopi\/","title":{"rendered":"Qualiopi"},"content":{"rendered":"\n<div class=\"wp-block-cover is-light ticss-18c325d9\"><span aria-hidden=\"true\" class=\"wp-block-cover__background has-background-dim\"><\/span><img loading=\"lazy\" decoding=\"async\" width=\"1452\" height=\"966\" class=\"wp-block-cover__image-background wp-image-2113\" alt=\"\" src=\"http:\/\/www.pc73.net\/wpfacplus\/wp-content\/uploads\/2023\/09\/certificationban-min.jpg\" data-object-fit=\"cover\" srcset=\"http:\/\/www.pc73.net\/wpfacplus\/wp-content\/uploads\/2023\/09\/certificationban-min.jpg 1452w, http:\/\/www.pc73.net\/wpfacplus\/wp-content\/uploads\/2023\/09\/certificationban-min-300x200.jpg 300w, http:\/\/www.pc73.net\/wpfacplus\/wp-content\/uploads\/2023\/09\/certificationban-min-1024x681.jpg 1024w, http:\/\/www.pc73.net\/wpfacplus\/wp-content\/uploads\/2023\/09\/certificationban-min-768x511.jpg 768w, http:\/\/www.pc73.net\/wpfacplus\/wp-content\/uploads\/2023\/09\/certificationban-min-930x620.jpg 930w\" sizes=\"auto, (max-width: 1452px) 100vw, 1452px\" \/><div class=\"wp-block-cover__inner-container is-layout-constrained wp-block-cover-is-layout-constrained\">\n<p class=\"has-text-align-center has-large-font-size\"><\/p>\n<\/div><\/div>\n\n\n\n<div style=\"height:50px\" aria-hidden=\"true\" class=\"wp-block-spacer\"><\/div>\n\n\n\n<h1 class=\"wp-block-heading has-text-align-center has-neve-link-color-color has-text-color\">Qu&rsquo;est ce que la certification qualiopi ?<\/h1>\n\n\n\n<div id=\"wp-block-themeisle-blocks-advanced-columns-9b780ce3\" class=\"wp-block-themeisle-blocks-advanced-columns has-1-columns has-desktop-equal-layout has-tablet-equal-layout has-mobile-equal-layout has-vertical-unset\"><div class=\"wp-block-themeisle-blocks-advanced-columns-overlay\"><\/div><div class=\"innerblocks-wrap\">\n<div id=\"wp-block-themeisle-blocks-advanced-column-bbf3c214\" class=\"wp-block-themeisle-blocks-advanced-column ticss-53a04bc4\">\n<p>La Certification <mark style=\"background-color:rgba(0, 0, 0, 0)\" class=\"has-inline-color has-nv-c-2-color\"><strong>Qualiopi<\/strong><\/mark> atteste de la qualit\u00e9 des prestations propos\u00e9es par les organismes de formation sur la base du R\u00e9f\u00e9rentiel National Qualit\u00e9.<\/p>\n\n\n\n<p>La loi du 5 septembre 2018 instaure l\u2019obligation de certification pour tous les <a href=\"https:\/\/certification.afnor.org\/qualite\/referentiel-national-qualite-decret-2019-formation-professionnelle#Qui-est-concerne\"><u>prestataires proposant des actions concourant au d\u00e9veloppement des comp\u00e9tences<\/u> <\/a>qui interviennent sur le march\u00e9 conventionnel (fonds publics et\/ou fonds mutualis\u00e9s\/paritaires).<\/p>\n\n\n\n<p>AFNOR Certification est accr\u00e9dit\u00e9e pour r\u00e9aliser la certification selon le R\u00e9f\u00e9rentiel National Qualit\u00e9 (RNQ) QUALIOPI (attestation d\u2019accr\u00e9ditation n\u00b05-0030, certification de produits et services, port\u00e9e disponible sur le site www.cofrac.fr).<\/p>\n\n\n\n<p>Le R\u00e9f\u00e9rentiel National Qualit\u00e9 (RNQ) QUALIOPI comporte&nbsp;<a href=\"https:\/\/certification.afnor.org\/qualite\/referentiel-national-qualite-decret-2019-formation-professionnelle#criteres-evalues\"><u>7 crit\u00e8res<\/u><\/a> r\u00e9partis en 32 indicateurs. Ces indicateurs concernent en priorit\u00e9 les modalit\u00e9s de conception et de r\u00e9alisation d\u2019une prestation.<\/p>\n\n\n\n<p>Il est publi\u00e9 via 2 d\u00e9crets&nbsp;:<\/p>\n\n\n\n<ul class=\"wp-block-list\">\n<li><a href=\"https:\/\/www.legifrance.gouv.fr\/affichTexte.do?cidTexte=JORFTEXT000038565246&amp;dateTexte=&amp;categorieLien=id\" rel=\"noreferrer noopener\" target=\"_blank\">D\u00e9cret n\u00b0 2019-564 du 6 juin 2019 relatif \u00e0 la qualit\u00e9 des actions de la formation professionnelle<\/a><\/li>\n\n\n\n<li><a href=\"https:\/\/www.legifrance.gouv.fr\/affichTexte.do?cidTexte=JORFTEXT000038565259&amp;dateTexte=&amp;categorieLien=id\" rel=\"noreferrer noopener\" target=\"_blank\">D\u00e9cret n\u00b0 2019-565 du 6 juin 2019 relatif au r\u00e9f\u00e9rentiel national sur la qualit\u00e9 des actions concourant au d\u00e9veloppement des comp\u00e9tences<\/a><\/li>\n<\/ul>\n\n\n\n<p>La certification R\u00e9f\u00e9rentiel National Qualit\u00e9 (<mark style=\"background-color:rgba(0, 0, 0, 0)\" class=\"has-inline-color has-nv-c-2-color\"><strong>RNQ<\/strong><\/mark>) <strong><mark style=\"background-color:rgba(0, 0, 0, 0)\" class=\"has-inline-color has-nv-c-2-color\">QUALIOPI<\/mark><\/strong> s\u2019\u00e9tend sur un cycle de 3 ann\u00e9es&nbsp;compos\u00e9 d\u2019un audit initial et d\u2019un audit de surveillance \u00e0 mi-parcours.<\/p>\n\n\n\n<h3 class=\"wp-block-heading\">Qui est concern\u00e9 ?<\/h3>\n\n\n\n<p>Tous les prestataires d\u2019actions concourant au d\u00e9veloppement des comp\u00e9tences b\u00e9n\u00e9ficiant de fonds publics et\/ou mutualis\u00e9s sont concern\u00e9s. De la formation par apprentissage au bilan de comp\u00e9tences, en passant par la VAE et la formation en situation de travail.<\/p>\n\n\n\n<p>La certification Qualiopi devient un \u00ab&nbsp;permis de travailler&nbsp;\u00bb pour les acteurs du secteur intervenant ou ayant l\u2019ambition d\u2019intervenir sur le march\u00e9 conventionnel.<\/p>\n\n\n\n<p class=\"has-small-font-size\"><em>Source certification.afnor.org<\/em><\/p>\n<\/div>\n<\/div><\/div>\n\n\n\n<div style=\"height:50px\" aria-hidden=\"true\" class=\"wp-block-spacer\"><\/div>\n\n\n\n<div class=\"wp-block-group alignfull has-background-color ticss-b6d689f7 has-neve-link-color-background-color has-background has-link-color has-medium-font-size wp-elements-144723183ce5420a6c5303a66ea4297c\" style=\"min-height:40vh;margin-top:0;margin-bottom:0;padding-top:var(--wp--preset--spacing--60);padding-right:var(--wp--preset--spacing--40);padding-bottom:var(--wp--preset--spacing--60);padding-left:var(--wp--preset--spacing--40)\"><div class=\"wp-block-group__inner-container is-layout-constrained wp-container-core-group-is-layout-27c39f3e wp-block-group-is-layout-constrained\">\n<div class=\"wp-block-columns alignwide has-small-font-size is-layout-flex wp-container-core-columns-is-layout-9d6595d7 wp-block-columns-is-layout-flex\">\n<div class=\"wp-block-column ticss-37c2d156 is-layout-flow wp-block-column-is-layout-flow\">\n<p class=\"has-text-align-center has-medium-font-size\">1969 route royale<\/p>\n\n\n\n<p class=\"has-text-align-center has-nv-site-bg-color has-text-color has-large-font-size\">FACPLUS<\/p>\n\n\n\n<p class=\"has-text-align-center has-medium-font-size\">73190 Challes les eaux<\/p>\n\n\n\n<p class=\"has-text-align-center has-nv-site-bg-color has-text-color has-medium-font-size\">Ouverture au public<\/p>\n\n\n\n<p class=\"has-text-align-center has-medium-font-size\">Lundi au vendredi : 9:00 &#8211; 12:00 et 14:00 &#8211; 18:00<\/p>\n\n\n\n<p class=\"has-text-align-center has-medium-font-size\">Lundi matin, vendredi am, samedi matin sur RDV<\/p>\n<\/div>\n\n\n\n<div class=\"wp-block-column ticss-ef63ceff is-layout-flow wp-block-column-is-layout-flow\"><nav class=\"has-text-color has-nv-site-bg-color has-medium-font-size items-justified-center is-vertical wp-block-navigation is-content-justification-center is-layout-flex wp-container-core-navigation-is-layout-9a7cdcfd wp-block-navigation-is-layout-flex\" aria-label=\"web-agency-gb-main-menu\"><ul class=\"wp-block-navigation__container has-text-color has-nv-site-bg-color has-medium-font-size items-justified-center is-vertical wp-block-navigation has-medium-font-size\"><li class=\"has-medium-font-size wp-block-navigation-item menu-item menu-item-type-post_type menu-item-object-page menu-item-home ticss-a9e52769 wp-block-navigation-link\"><a class=\"wp-block-navigation-item__content\"  href=\"http:\/\/www.pc73.net\/wpfacplus\/\" title=\"\"><span class=\"wp-block-navigation-item__label\">Accueil<\/span><\/a><\/li><li class=\"has-medium-font-size wp-block-navigation-item menu-item menu-item-type-post_type wp-block-navigation-link\"><a class=\"wp-block-navigation-item__content\"  href=\"http:\/\/www.pc73.net\/wpfacplus\/historique\/\" title=\"\"><span class=\"wp-block-navigation-item__label\">A propos de nous<\/span><\/a><\/li><li class=\"has-medium-font-size wp-block-navigation-item wp-block-navigation-link\"><a class=\"wp-block-navigation-item__content\"  href=\"https:\/\/goo.gl\/maps\/g7nTJkBkCCo\" target=\"_blank\"   title=\"\"><span class=\"wp-block-navigation-item__label\">Nous situer<\/span><span class=\"wp-block-navigation-item__description\">Situation g\u00e9ographique FACPLUS<\/span><\/a><\/li><li class=\"has-medium-font-size wp-block-navigation-item  menu-item menu-item-type-post_type menu-item-object-page wp-block-navigation-link\"><a class=\"wp-block-navigation-item__content\"  href=\"http:\/\/www.pc73.net\/wpfacplus\/contact\/\" title=\"\"><span class=\"wp-block-navigation-item__label\">Contactez nous<\/span><\/a><\/li><li class=\"wp-block-navigation-item\"><div class=\"is-default-size is-style-default wp-block-site-logo\"><a href=\"http:\/\/www.pc73.net\/wpfacplus\/\" class=\"custom-logo-link\" rel=\"home\"><img loading=\"lazy\" decoding=\"async\" width=\"367\" height=\"376\" src=\"http:\/\/www.pc73.net\/wpfacplus\/wp-content\/uploads\/2023\/09\/logo-fac1-min.png\" class=\"custom-logo\" alt=\"FacPlus\" srcset=\"http:\/\/www.pc73.net\/wpfacplus\/wp-content\/uploads\/2023\/09\/logo-fac1-min.png 367w, http:\/\/www.pc73.net\/wpfacplus\/wp-content\/uploads\/2023\/09\/logo-fac1-min-293x300.png 293w\" sizes=\"auto, (max-width: 367px) 100vw, 367px\" \/><\/a><\/div><\/li><\/ul><\/nav><\/div>\n\n\n\n<div class=\"wp-block-column is-layout-flow wp-block-column-is-layout-flow\">\n<p class=\"has-text-align-center has-medium-font-size\">Suivez-nous<\/p>\n\n\n\n<div class=\"wp-block-group is-vertical is-content-justification-center is-layout-flex wp-container-core-group-is-layout-bdd043ae wp-block-group-is-layout-flex\">\n<p class=\"has-medium-font-size\"><a href=\"https:\/\/www.facebook.com\/FACPLUS.FR\/\" target=\"_blank\" rel=\"noreferrer noopener\">Facebook<\/a><\/p>\n\n\n\n<p class=\"has-medium-font-size\"><a href=\"https:\/\/www.linkedin.com\/in\/fac-plus\/\" target=\"_blank\" rel=\"noreferrer noopener\">Linkedin<\/a><\/p>\n\n\n\n<p><\/p>\n<\/div>\n\n\n\n<div style=\"height:24px\" aria-hidden=\"true\" class=\"wp-block-spacer\"><\/div>\n<\/div>\n<\/div>\n\n\n\n<div class=\"wp-block-group alignwide is-content-justification-center is-layout-flex wp-container-core-group-is-layout-5590e8cb wp-block-group-is-layout-flex\">\n<p class=\"has-text-align-center has-small-font-size\"> D\u00e9velopp\u00e9 par <mark style=\"background-color:rgba(0, 0, 0, 0)\" class=\"has-inline-color has-nv-site-bg-color\">FACPLUS<\/mark><\/p>\n<\/div>\n<\/div><\/div>\n","protected":false},"excerpt":{"rendered":"<p>Qu&rsquo;est ce que la certification qualiopi ? 1969 route royale FACPLUS 73190 Challes les eaux Ouverture au public Lundi au vendredi : 9:00 &#8211; 12:00 et 14:00 &#8211; 18:00 Lundi matin, vendredi am, samedi matin sur RDV Suivez-nous Facebook Linkedin D\u00e9velopp\u00e9 par FACPLUS<\/p>\n","protected":false},"author":2,"featured_media":0,"parent":0,"menu_order":0,"comment_status":"closed","ping_status":"closed","template":"","meta":{"neve_meta_sidebar":"","neve_meta_container":"full-width","neve_meta_enable_content_width":"","neve_meta_content_width":0,"neve_meta_title_alignment":"","neve_meta_author_avatar":"","neve_post_elements_order":"","neve_meta_disable_header":"","neve_meta_disable_footer":"on","neve_meta_disable_title":"on","neve_meta_reading_time":"","_themeisle_gutenberg_block_has_review":false,"_ti_tpc_template_sync":false,"_ti_tpc_template_id":"","footnotes":""},"class_list":["post-2111","page","type-page","status-publish","hentry"],"_links":{"self":[{"href":"http:\/\/www.pc73.net\/wpfacplus\/wp-json\/wp\/v2\/pages\/2111","targetHints":{"allow":["GET"]}}],"collection":[{"href":"http:\/\/www.pc73.net\/wpfacplus\/wp-json\/wp\/v2\/pages"}],"about":[{"href":"http:\/\/www.pc73.net\/wpfacplus\/wp-json\/wp\/v2\/types\/page"}],"author":[{"embeddable":true,"href":"http:\/\/www.pc73.net\/wpfacplus\/wp-json\/wp\/v2\/users\/2"}],"replies":[{"embeddable":true,"href":"http:\/\/www.pc73.net\/wpfacplus\/wp-json\/wp\/v2\/comments?post=2111"}],"version-history":[{"count":9,"href":"http:\/\/www.pc73.net\/wpfacplus\/wp-json\/wp\/v2\/pages\/2111\/revisions"}],"predecessor-version":[{"id":2126,"href":"http:\/\/www.pc73.net\/wpfacplus\/wp-json\/wp\/v2\/pages\/2111\/revisions\/2126"}],"wp:attachment":[{"href":"http:\/\/www.pc73.net\/wpfacplus\/wp-json\/wp\/v2\/media?parent=2111"}],"curies":[{"name":"wp","href":"https:\/\/api.w.org\/{rel}","templated":true}]}}