{"id":495,"date":"2023-08-24T11:47:04","date_gmt":"2023-08-24T09:47:04","guid":{"rendered":"http:\/\/www.pc73.net\/wpfacplus\/?page_id=495"},"modified":"2023-09-25T14:50:34","modified_gmt":"2023-09-25T12:50:34","slug":"notre-charte","status":"publish","type":"page","link":"http:\/\/www.pc73.net\/wpfacplus\/notre-charte\/","title":{"rendered":"Notre charte"},"content":{"rendered":"\n<div class=\"wp-block-cover ticss-dbab1817\"><span aria-hidden=\"true\" class=\"wp-block-cover__background has-background-dim\"><\/span><img loading=\"lazy\" decoding=\"async\" width=\"1920\" height=\"1272\" class=\"wp-block-cover__image-background wp-image-69\" alt=\"Notre charte\" src=\"http:\/\/www.pc73.net\/wpfacplus\/wp-content\/uploads\/2022\/11\/mains-min.jpg\" style=\"object-position:55% 60%\" data-object-fit=\"cover\" data-object-position=\"55% 60%\" srcset=\"http:\/\/www.pc73.net\/wpfacplus\/wp-content\/uploads\/2022\/11\/mains-min.jpg 1920w, http:\/\/www.pc73.net\/wpfacplus\/wp-content\/uploads\/2022\/11\/mains-min-300x199.jpg 300w, http:\/\/www.pc73.net\/wpfacplus\/wp-content\/uploads\/2022\/11\/mains-min-1024x678.jpg 1024w, http:\/\/www.pc73.net\/wpfacplus\/wp-content\/uploads\/2022\/11\/mains-min-768x509.jpg 768w, http:\/\/www.pc73.net\/wpfacplus\/wp-content\/uploads\/2022\/11\/mains-min-1536x1018.jpg 1536w\" sizes=\"auto, (max-width: 1920px) 100vw, 1920px\" \/><div class=\"wp-block-cover__inner-container is-layout-constrained wp-block-cover-is-layout-constrained\">\n<p class=\"has-text-align-center has-medium-font-size\"><\/p>\n<\/div><\/div>\n\n\n\n<div style=\"height:50px\" aria-hidden=\"true\" class=\"wp-block-spacer\"><\/div>\n\n\n\n<h1 class=\"wp-block-heading has-text-align-center has-neve-link-color-color has-text-color\">Notre charte<\/h1>\n\n\n\n<div id=\"wp-block-themeisle-blocks-advanced-columns-eb60a4a3\" class=\"wp-block-themeisle-blocks-advanced-columns has-1-columns has-desktop-equal-layout has-tablet-equal-layout has-mobile-equal-layout has-vertical-unset\"><div class=\"wp-block-themeisle-blocks-advanced-columns-overlay\"><\/div><div class=\"innerblocks-wrap\">\n<div id=\"wp-block-themeisle-blocks-advanced-column-a6dbfa50\" class=\"wp-block-themeisle-blocks-advanced-column ticss-23995f9b\">\n<p class=\"has-nv-c-2-color has-text-color\"><strong>FAC+ se construit sur 5 valeurs fondamentales : L&rsquo;int\u00e9grit\u00e9, le s\u00e9rieux, la r\u00e9activit\u00e9, le courage et l&rsquo;humilit\u00e9.<\/strong><\/p>\n\n\n\n<p class=\"has-text-align-left\">Afin de transformer et d\u00e9velopper FAC+ en une soci\u00e9t\u00e9 performante et attach\u00e9e \u00e0 des valeurs humaines. Nous nous effor\u00e7ons et encourageons tout nos formateurs \u00e0 respecter et \u00e0 d\u00e9velopper ces valeurs fondamentales \u00e0 savoir :<\/p>\n\n\n\n<h3 class=\"wp-block-heading has-text-align-center animated slideInLeft delay-100ms has-neve-link-hover-color-color has-text-color\">L&rsquo;int\u00e9grit\u00e9<\/h3>\n\n\n\n<ul class=\"wp-block-list\">\n<li>\u00catre honn\u00eate et sinc\u00e8re tant avec les gens avec lesquels nous travaillons mais aussi l\u2019ensemble des stagiaires form\u00e9s.<\/li>\n\n\n\n<li>Comprendre et accepter les difficult\u00e9s et faiblesses de chacun.<\/li>\n\n\n\n<li>Encourager le d\u00e9veloppement de mani\u00e8re sinc\u00e8re et durable.<\/li>\n<\/ul>\n\n\n\n<h3 class=\"wp-block-heading has-text-align-center animated slideInLeft delay-200ms has-neve-link-hover-color-color has-text-color\">Le s\u00e9rieux<\/h3>\n\n\n\n<ul class=\"wp-block-list\">\n<li>\u00catre pr\u00eat \u00e0 s\u2019investir et passer du temps, faire des efforts et prendre des responsabilit\u00e9s afin de fournir un travail de qualit\u00e9.<\/li>\n\n\n\n<li>Proposer du mat\u00e9riel et des salles adapt\u00e9es \u00e0 la formation professionnelle. Faire attention au co\u00fbt et au gaspillage.<\/li>\n\n\n\n<li>Prendre des initiatives afin d\u2019innover et cr\u00e9er le maximum de plaisir pour les stagiaires en prenant le soin d\u2019une s\u00e9lection adapt\u00e9e de nos formateurs.<\/li>\n<\/ul>\n\n\n\n<h3 class=\"wp-block-heading has-text-align-center animated fadeInLeft delay-500ms has-neve-link-hover-color-color has-text-color\">La r\u00e9activit\u00e9<\/h3>\n\n\n\n<ul class=\"wp-block-list\">\n<li>\u00catre pr\u00eat \u00e0 prendre les bonnes d\u00e9cisions en toutes circonstances pour arriver aux meilleurs r\u00e9sultats possibles.<\/li>\n\n\n\n<li>Faire attention \u00e0 la demande du stagiaire afin d\u2019adapter son cours et lui permettre de continuer son \u00e9volution.<\/li>\n\n\n\n<li>Proposer des formations compl\u00e9mentaires en \u00e9tablissant une feuille de souhait de formation en fin de stage.<\/li>\n<\/ul>\n\n\n\n<h3 class=\"wp-block-heading has-text-align-center animated fadeInLeft delay-500ms has-neve-link-hover-color-color has-text-color\">Le courage<\/h3>\n\n\n\n<ul class=\"wp-block-list\">\n<li>Savoir d\u00e9fendre ses id\u00e9es de fa\u00e7on constructive en acceptant les remarques.<\/li>\n\n\n\n<li>Prendre des d\u00e9cisions dans l\u2019int\u00e9r\u00eat du bien commun car la formation est un partage.<\/li>\n\n\n\n<li>Proposer des formations audacieuses en partenariat de nos formateurs sp\u00e9cialis\u00e9s.<\/li>\n<\/ul>\n\n\n\n<h3 class=\"wp-block-heading has-text-align-center animated fadeInLeft delay-500ms has-neve-link-hover-color-color has-text-color\">L&rsquo;humilit\u00e9<\/h3>\n\n\n\n<ul class=\"wp-block-list\">\n<li>Savoir faire preuve de d\u00e9tachement et de recherche en collaboration avec les stagiaires quand vous ne connaissez pas l\u2019information.<\/li>\n\n\n\n<li>\u00catre en mesure de se remettre en question si un probl\u00e8me survient ou un manque de connaissance afin de toujours proposer le meilleur de soi-m\u00eame.<\/li>\n\n\n\n<li>Chercher \u00e0 s\u2019am\u00e9liorer et ne jamais perdre sa motivation afin de proposer des formations de grande qualit\u00e9.<\/li>\n<\/ul>\n\n\n\n<h2 class=\"wp-block-heading has-text-align-center\">Charte de d\u00e9ontologie<\/h2>\n\n\n\n<div class=\"wp-block-media-text is-stacked-on-mobile\" style=\"grid-template-columns:18% auto\"><figure class=\"wp-block-media-text__media\"><img loading=\"lazy\" decoding=\"async\" width=\"1024\" height=\"988\" src=\"http:\/\/www.pc73.net\/wpfacplus\/wp-content\/uploads\/2023\/08\/Macaron_Application-Charte-CPF-1024x988.png\" alt=\"\" class=\"wp-image-525 size-full\" srcset=\"http:\/\/www.pc73.net\/wpfacplus\/wp-content\/uploads\/2023\/08\/Macaron_Application-Charte-CPF-1024x988.png 1024w, http:\/\/www.pc73.net\/wpfacplus\/wp-content\/uploads\/2023\/08\/Macaron_Application-Charte-CPF-300x290.png 300w, http:\/\/www.pc73.net\/wpfacplus\/wp-content\/uploads\/2023\/08\/Macaron_Application-Charte-CPF-768x741.png 768w, http:\/\/www.pc73.net\/wpfacplus\/wp-content\/uploads\/2023\/08\/Macaron_Application-Charte-CPF-1536x1482.png 1536w, http:\/\/www.pc73.net\/wpfacplus\/wp-content\/uploads\/2023\/08\/Macaron_Application-Charte-CPF.png 1605w\" sizes=\"auto, (max-width: 1024px) 100vw, 1024px\" \/><\/figure><div class=\"wp-block-media-text__content\">\n<p><em>FACPLUS respecte \u00e9galement la charte de d\u00e9ontologie de la f\u00e9d\u00e9ration des acteurs de la comp\u00e9tence<\/em><\/p>\n<\/div><\/div>\n<\/div>\n<\/div><\/div>\n\n\n\n<div class=\"wp-block-group alignfull has-background-color ticss-b6d689f7 has-neve-link-color-background-color has-background has-link-color has-medium-font-size wp-elements-144723183ce5420a6c5303a66ea4297c\" style=\"min-height:40vh;margin-top:0;margin-bottom:0;padding-top:var(--wp--preset--spacing--60);padding-right:var(--wp--preset--spacing--40);padding-bottom:var(--wp--preset--spacing--60);padding-left:var(--wp--preset--spacing--40)\"><div class=\"wp-block-group__inner-container is-layout-constrained wp-container-core-group-is-layout-27c39f3e wp-block-group-is-layout-constrained\">\n<div class=\"wp-block-columns alignwide has-small-font-size is-layout-flex wp-container-core-columns-is-layout-9d6595d7 wp-block-columns-is-layout-flex\">\n<div class=\"wp-block-column ticss-37c2d156 is-layout-flow wp-block-column-is-layout-flow\">\n<p class=\"has-text-align-center has-medium-font-size\">1969 route royale<\/p>\n\n\n\n<p class=\"has-text-align-center has-nv-site-bg-color has-text-color has-large-font-size\">FACPLUS<\/p>\n\n\n\n<p class=\"has-text-align-center has-medium-font-size\">73190 Challes les eaux<\/p>\n\n\n\n<p class=\"has-text-align-center has-nv-site-bg-color has-text-color has-medium-font-size\">Ouverture au public<\/p>\n\n\n\n<p class=\"has-text-align-center has-medium-font-size\">Lundi au vendredi : 9:00 &#8211; 12:00 et 14:00 &#8211; 18:00<\/p>\n\n\n\n<p class=\"has-text-align-center has-medium-font-size\">Lundi matin, vendredi am, samedi matin sur RDV<\/p>\n<\/div>\n\n\n\n<div class=\"wp-block-column ticss-ef63ceff is-layout-flow wp-block-column-is-layout-flow\"><nav class=\"has-text-color has-nv-site-bg-color has-medium-font-size items-justified-center is-vertical wp-block-navigation is-content-justification-center is-layout-flex wp-container-core-navigation-is-layout-9a7cdcfd wp-block-navigation-is-layout-flex\" aria-label=\"web-agency-gb-main-menu\"><ul class=\"wp-block-navigation__container has-text-color has-nv-site-bg-color has-medium-font-size items-justified-center is-vertical wp-block-navigation has-medium-font-size\"><li class=\"has-medium-font-size wp-block-navigation-item menu-item menu-item-type-post_type menu-item-object-page menu-item-home ticss-a9e52769 wp-block-navigation-link\"><a class=\"wp-block-navigation-item__content\"  href=\"http:\/\/www.pc73.net\/wpfacplus\/\" title=\"\"><span class=\"wp-block-navigation-item__label\">Accueil<\/span><\/a><\/li><li class=\"has-medium-font-size wp-block-navigation-item menu-item menu-item-type-post_type wp-block-navigation-link\"><a class=\"wp-block-navigation-item__content\"  href=\"http:\/\/www.pc73.net\/wpfacplus\/historique\/\" title=\"\"><span class=\"wp-block-navigation-item__label\">A propos de nous<\/span><\/a><\/li><li class=\"has-medium-font-size wp-block-navigation-item wp-block-navigation-link\"><a class=\"wp-block-navigation-item__content\"  href=\"https:\/\/goo.gl\/maps\/g7nTJkBkCCo\" target=\"_blank\"   title=\"\"><span class=\"wp-block-navigation-item__label\">Nous situer<\/span><span class=\"wp-block-navigation-item__description\">Situation g\u00e9ographique FACPLUS<\/span><\/a><\/li><li class=\"has-medium-font-size wp-block-navigation-item  menu-item menu-item-type-post_type menu-item-object-page wp-block-navigation-link\"><a class=\"wp-block-navigation-item__content\"  href=\"http:\/\/www.pc73.net\/wpfacplus\/contact\/\" title=\"\"><span class=\"wp-block-navigation-item__label\">Contactez nous<\/span><\/a><\/li><li class=\"wp-block-navigation-item\"><div class=\"is-default-size is-style-default wp-block-site-logo\"><a href=\"http:\/\/www.pc73.net\/wpfacplus\/\" class=\"custom-logo-link\" rel=\"home\"><img loading=\"lazy\" decoding=\"async\" width=\"367\" height=\"376\" src=\"http:\/\/www.pc73.net\/wpfacplus\/wp-content\/uploads\/2023\/09\/logo-fac1-min.png\" class=\"custom-logo\" alt=\"FacPlus\" srcset=\"http:\/\/www.pc73.net\/wpfacplus\/wp-content\/uploads\/2023\/09\/logo-fac1-min.png 367w, http:\/\/www.pc73.net\/wpfacplus\/wp-content\/uploads\/2023\/09\/logo-fac1-min-293x300.png 293w\" sizes=\"auto, (max-width: 367px) 100vw, 367px\" \/><\/a><\/div><\/li><\/ul><\/nav><\/div>\n\n\n\n<div class=\"wp-block-column is-layout-flow wp-block-column-is-layout-flow\">\n<p class=\"has-text-align-center has-medium-font-size\">Suivez-nous<\/p>\n\n\n\n<div class=\"wp-block-group is-vertical is-content-justification-center is-layout-flex wp-container-core-group-is-layout-bdd043ae wp-block-group-is-layout-flex\">\n<p class=\"has-medium-font-size\"><a href=\"https:\/\/www.facebook.com\/FACPLUS.FR\/\" target=\"_blank\" rel=\"noreferrer noopener\">Facebook<\/a><\/p>\n\n\n\n<p class=\"has-medium-font-size\"><a href=\"https:\/\/www.linkedin.com\/in\/fac-plus\/\" target=\"_blank\" rel=\"noreferrer noopener\">Linkedin<\/a><\/p>\n\n\n\n<p><\/p>\n<\/div>\n\n\n\n<div style=\"height:24px\" aria-hidden=\"true\" class=\"wp-block-spacer\"><\/div>\n<\/div>\n<\/div>\n\n\n\n<div class=\"wp-block-group alignwide is-content-justification-center is-layout-flex wp-container-core-group-is-layout-5590e8cb wp-block-group-is-layout-flex\">\n<p class=\"has-text-align-center has-small-font-size\"> D\u00e9velopp\u00e9 par <mark style=\"background-color:rgba(0, 0, 0, 0)\" class=\"has-inline-color has-nv-site-bg-color\">FACPLUS<\/mark><\/p>\n<\/div>\n<\/div><\/div>\n","protected":false},"excerpt":{"rendered":"<p>Notre charte 1969 route royale FACPLUS 73190 Challes les eaux Ouverture au public Lundi au vendredi : 9:00 &#8211; 12:00 et 14:00 &#8211; 18:00 Lundi matin, vendredi am, samedi matin sur RDV Suivez-nous Facebook Linkedin D\u00e9velopp\u00e9 par FACPLUS<\/p>\n","protected":false},"author":2,"featured_media":0,"parent":0,"menu_order":0,"comment_status":"closed","ping_status":"closed","template":"","meta":{"neve_meta_sidebar":"","neve_meta_container":"full-width","neve_meta_enable_content_width":"","neve_meta_content_width":0,"neve_meta_title_alignment":"","neve_meta_author_avatar":"","neve_post_elements_order":"","neve_meta_disable_header":"","neve_meta_disable_footer":"on","neve_meta_disable_title":"on","neve_meta_reading_time":"","_themeisle_gutenberg_block_has_review":false,"_ti_tpc_template_sync":false,"_ti_tpc_template_id":"","footnotes":""},"class_list":["post-495","page","type-page","status-publish","hentry"],"_links":{"self":[{"href":"http:\/\/www.pc73.net\/wpfacplus\/wp-json\/wp\/v2\/pages\/495","targetHints":{"allow":["GET"]}}],"collection":[{"href":"http:\/\/www.pc73.net\/wpfacplus\/wp-json\/wp\/v2\/pages"}],"about":[{"href":"http:\/\/www.pc73.net\/wpfacplus\/wp-json\/wp\/v2\/types\/page"}],"author":[{"embeddable":true,"href":"http:\/\/www.pc73.net\/wpfacplus\/wp-json\/wp\/v2\/users\/2"}],"replies":[{"embeddable":true,"href":"http:\/\/www.pc73.net\/wpfacplus\/wp-json\/wp\/v2\/comments?post=495"}],"version-history":[{"count":40,"href":"http:\/\/www.pc73.net\/wpfacplus\/wp-json\/wp\/v2\/pages\/495\/revisions"}],"predecessor-version":[{"id":1994,"href":"http:\/\/www.pc73.net\/wpfacplus\/wp-json\/wp\/v2\/pages\/495\/revisions\/1994"}],"wp:attachment":[{"href":"http:\/\/www.pc73.net\/wpfacplus\/wp-json\/wp\/v2\/media?parent=495"}],"curies":[{"name":"wp","href":"https:\/\/api.w.org\/{rel}","templated":true}]}}